{"id":21,"date":"2017-02-10T09:09:00","date_gmt":"2017-02-10T09:09:00","guid":{"rendered":"http:\/\/www.vaniaconsultoria.com.br\/site\/?page_id=21"},"modified":"2025-02-05T12:48:54","modified_gmt":"2025-02-05T12:48:54","slug":"quem-somos","status":"publish","type":"page","link":"https:\/\/www.vaniaconsultoria.com.br\/site\/quem-somos\/","title":{"rendered":"Quem Somos"},"content":{"rendered":"<p><strong>Objetivo<\/strong><br \/>\nV\u00e2nia Rosa da Silva Cia Ltda.<\/p>\n<p>Servi\u00e7os de Tradu\u00e7\u00e3o, interpreta\u00e7\u00e3o e similares, tradu\u00e7\u00e3o de Portugu\u00eas-Espanhol-Portugu\u00eas, servi\u00e7os de guia-int\u00e9rpretes, oficinas em Braile, capacita\u00e7\u00e3o em Libras, capacita\u00e7\u00e3o em Atendimento Educacional Especializado, Capacita\u00e7\u00e3o em Educa\u00e7\u00e3o Inclusiva, Capacita\u00e7\u00e3o em Educa\u00e7\u00e3o Especial, Organiza\u00e7\u00e3o e produ\u00e7\u00e3o de eventos culturais, teatrais e esportivos, recrutamento e sele\u00e7\u00e3o de pessoal.<\/p>\n<p>Tradu\u00e7\u00e3o de v\u00eddeos institucionais, legendagem LSE, audiodescri\u00e7\u00e3o, narra\u00e7\u00e3o, roteiro, consultoria com pessoas com defici\u00eancia, narra\u00e7\u00e3o e edi\u00e7\u00e3o, Acessibilidade em geral em v\u00eddeos, e espet\u00e1culos presenciais ou gravados.<\/p>\n<p><strong>Vis\u00e3o<br \/>\n<\/strong>Oferecer solu\u00e7\u00f5es inclusivas e adaptadas \u00e0s necessidades de todos,<br \/>\nAcessibilidade \u00e9 um pilar que garante a inclus\u00e3o de todos. Assegurando \u00e0s pessoas\u00a0com defici\u00eancia o acesso, em igualdade de oportunidades, ao meio f\u00edsico, ao transporte, \u00e0 informa\u00e7\u00e3o, ao sistema de servi\u00e7os, demonstrando\u00a0responsabilidade social. Al\u00e9m de assegurar por lei que as organiza\u00e7\u00f5es garantam acessibilidade para todas as pessoas.<\/p>\n<p><strong>Miss\u00e3o<\/strong><br \/>\nA consultoria surge para oferecer suporte t\u00e9cnico e assessoria sistem\u00e1tica \u00e0s empresas que recrutam e selecionam surdos para trabalharem em seu quadro funcional e bem como PcD. Assessoria no \u00e2mbito empresarial, desde o contato inicial com o surdo, elabora\u00e7\u00e3o do curr\u00edculo, encaminhamento para as empresas e agendamento de entrevista e integra\u00e7\u00e3o dentro da empresa, e a partir da\u00ed, treinamento, sensibiliza\u00e7\u00e3o e reuni\u00f5es com gestores e colegas que lidam com os surdos bem como capacita\u00e7\u00e3o em \u00a0LIBRAS, viabilizando a inclus\u00e3o de fato primando pela comunica\u00e7\u00e3o de ambos os lados.<br \/>\nContando com uma equipe de profissionais que atuam em diferentes \u00e1reas de conhecimento, viabilizando o suporte t\u00e9cnico necess\u00e1rio para que as empresas possam cumprir a lei no que diz respeito \u00e0s cotas.<br \/>\nAgendamento de profissionais certificados e formados em Libras para que atuem em diferentes eventos, estaduais, municipais e Institui\u00e7\u00f5es P\u00fablicas e Particulares.<br \/>\nOferecendo forma\u00e7\u00e3o, capacita\u00e7\u00e3o e oficinas na \u00e1rea da educa\u00e7\u00e3o especial, inclusiva e de acessibilidade.<br \/>\nGrava\u00e7\u00f5es de v\u00eddeos institucionais com l\u00edngua de sinais e audiodescri\u00e7\u00e3o e espet\u00e1culos teatrais.<\/p>\n<p><strong>Forma\u00e7\u00e3o<\/strong><br \/>\nV\u00e2nia Rosa da Silva, Pedagoga, Int\u00e9rprete da L\u00edngua de Sinais \u2013 LIBRAS, Certificada em Pr\u00f3-Libras \u2013 MEC atua como int\u00e9rprete em eventos, semin\u00e1rios, congressos, audi\u00eancias judiciais, em atendimento as empresas, e ministra cursos em Libras; Especialista na Educa\u00e7\u00e3o e apoio das Pessoas Surdas e M\u00faltiplas Defici\u00eancias, Especialista em Educa\u00e7\u00e3o Inclusiva e Especialista em Educa\u00e7\u00e3o Especial, com experi\u00eancia em diferentes empresas nacionais e multinacionais.<\/p>\n<p><strong>Nossos parceiros:<\/strong><br \/>\nQI, Secom RS,SESI, Telemont, Verallia, CUFA, Hospital Santa Ana, PUC, Instituto Pertence- Setor Acessibilidade, Agco Ltda., Altus Sistema de Automa\u00e7\u00e3o, Assembl\u00e9ia Legislativa, Bausc e Lomb, C\u00e2mara Mun. de Cachoeirinha, C\u00e2mara Mun. de Gravata\u00ed, Deloitte Touche Tohmatsu, Elo Sistemas, Elster Medi\u00e7\u00e3o, FADERS, Adient Automotivas, HPelzer Sistemas, Pref. Mun. de Cachoeirinha, Pref. Mun. de Caxias do Sul, Pref. Mun. de Gravata\u00ed, Pref. Mun. de Porto Alegre, Pref. Mun. de S\u00e3o Jos\u00e9 dos Ausentes, SLC Agr\u00edcola, TI Automotive, PUC, UNIPAMPA, GEP Autogest\u00e3o em Sa\u00fade, Clermar Engenharia, Teikon Sistemas, Secretaria Estadual de Educa\u00e7\u00e3o.<\/p>\n<div class=\"su-custom-gallery su-custom-gallery-align-left su-custom-gallery-title-never su-lightbox-gallery\"><div class=\"su-custom-gallery-slide\" style=\"width:90px;height:90px\"><a href=\"https:\/\/www.vaniaconsultoria.com.br\/site\/wp-content\/uploads\/2017\/02\/Consultoria-empresarial-Entrevista-e-Recrutamento-de-surdos-Elo-2.jpg\" title=\"Consultoria empresarial Entrevista e Recrutamento de surdos Elo\"><img loading=\"lazy\" decoding=\"async\" src=\"https:\/\/www.vaniaconsultoria.com.br\/site\/wp-content\/uploads\/2017\/02\/Consultoria-empresarial-Entrevista-e-Recrutamento-de-surdos-Elo-2-90x90.jpg\" alt=\"Consultoria empresarial Entrevista e Recrutamento de surdos Elo\" width=\"90\" height=\"90\" \/><span class=\"su-custom-gallery-title\">Consultoria empresarial Entrevista e Recrutamento de surdos Elo<\/span><\/a><\/div><div class=\"su-custom-gallery-slide\" style=\"width:90px;height:90px\"><a href=\"https:\/\/www.vaniaconsultoria.com.br\/site\/wp-content\/uploads\/2017\/02\/Consultoria-empresarial-Apoio-em-eventos-Minist\u00e9rio-P\u00fablico-DSC05539-2.jpg\" title=\"Consultoria empresarial Apoio em eventos Minist\u00e9rio P\u00fablico DSC05539\"><img loading=\"lazy\" decoding=\"async\" src=\"https:\/\/www.vaniaconsultoria.com.br\/site\/wp-content\/uploads\/2017\/02\/Consultoria-empresarial-Apoio-em-eventos-Minist\u00e9rio-P\u00fablico-DSC05539-2-90x90.jpg\" alt=\"Consultoria empresarial Apoio em eventos Minist\u00e9rio P\u00fablico DSC05539\" width=\"90\" height=\"90\" \/><span class=\"su-custom-gallery-title\">Consultoria empresarial Apoio em eventos Minist\u00e9rio P\u00fablico DSC05539<\/span><\/a><\/div><div class=\"su-custom-gallery-slide\" style=\"width:90px;height:90px\"><a href=\"https:\/\/www.vaniaconsultoria.com.br\/site\/wp-content\/uploads\/2017\/02\/Consultoria-Empresarial-Tradu\u00e7\u00e3o-e-interpreta\u00e7\u00e3o-em-Libras-2.jpg\" title=\"Consultoria Empresarial-Tradu\u00e7\u00e3o e interpreta\u00e7\u00e3o em Libras\"><img loading=\"lazy\" decoding=\"async\" src=\"https:\/\/www.vaniaconsultoria.com.br\/site\/wp-content\/uploads\/2017\/02\/Consultoria-Empresarial-Tradu\u00e7\u00e3o-e-interpreta\u00e7\u00e3o-em-Libras-2-90x90.jpg\" alt=\"Consultoria Empresarial-Tradu\u00e7\u00e3o e interpreta\u00e7\u00e3o em Libras\" width=\"90\" height=\"90\" \/><span class=\"su-custom-gallery-title\">Consultoria Empresarial-Tradu\u00e7\u00e3o e interpreta\u00e7\u00e3o em Libras<\/span><\/a><\/div><div class=\"su-custom-gallery-slide\" style=\"width:90px;height:90px\"><a href=\"https:\/\/www.vaniaconsultoria.com.br\/site\/wp-content\/uploads\/2017\/02\/Consultoria-Empresarial-Tradu\u00e7\u00e3o-e-Interpreta\u00e7\u00e3o-em-eventos-PUC-2.jpg\" title=\"Consultoria Empresarial Tradu\u00e7\u00e3o e Interpreta\u00e7\u00e3o em eventos PUC\"><img loading=\"lazy\" decoding=\"async\" src=\"https:\/\/www.vaniaconsultoria.com.br\/site\/wp-content\/uploads\/2017\/02\/Consultoria-Empresarial-Tradu\u00e7\u00e3o-e-Interpreta\u00e7\u00e3o-em-eventos-PUC-2-90x90.jpg\" alt=\"Consultoria Empresarial Tradu\u00e7\u00e3o e Interpreta\u00e7\u00e3o em eventos PUC\" width=\"90\" height=\"90\" \/><span class=\"su-custom-gallery-title\">Consultoria Empresarial Tradu\u00e7\u00e3o e Interpreta\u00e7\u00e3o em eventos PUC<\/span><\/a><\/div><div class=\"su-custom-gallery-slide\" style=\"width:90px;height:90px\"><a href=\"https:\/\/www.vaniaconsultoria.com.br\/site\/wp-content\/uploads\/2017\/02\/Consultoria-empresarial-Entrevista-e-Recrutamento-se-surdos-BL-2.jpg\" title=\"Consultoria empresarial Entrevista e Recrutamento se surdos BL\"><img loading=\"lazy\" decoding=\"async\" src=\"https:\/\/www.vaniaconsultoria.com.br\/site\/wp-content\/uploads\/2017\/02\/Consultoria-empresarial-Entrevista-e-Recrutamento-se-surdos-BL-2-90x90.jpg\" alt=\"Consultoria empresarial Entrevista e Recrutamento se surdos BL\" width=\"90\" height=\"90\" \/><span class=\"su-custom-gallery-title\">Consultoria empresarial Entrevista e Recrutamento se surdos BL<\/span><\/a><\/div><div class=\"su-custom-gallery-slide\" style=\"width:90px;height:90px\"><a href=\"https:\/\/www.vaniaconsultoria.com.br\/site\/wp-content\/uploads\/2017\/02\/Curso-in-Company-Corujinha-Sapeca.png\" title=\"Curso in Company Corujinha Sapeca\"><img loading=\"lazy\" decoding=\"async\" src=\"https:\/\/www.vaniaconsultoria.com.br\/site\/wp-content\/uploads\/2017\/02\/Curso-in-Company-Corujinha-Sapeca-90x90.png\" alt=\"Curso in Company Corujinha Sapeca\" width=\"90\" height=\"90\" \/><span class=\"su-custom-gallery-title\">Curso in Company Corujinha Sapeca<\/span><\/a><\/div><div class=\"su-custom-gallery-slide\" style=\"width:90px;height:90px\"><a href=\"https:\/\/www.vaniaconsultoria.com.br\/site\/wp-content\/uploads\/2017\/02\/Curso-in-company-Corujinha-Sapeca-emLibras.png\" title=\"Curso in company Corujinha Sapeca emLibras\"><img loading=\"lazy\" decoding=\"async\" src=\"https:\/\/www.vaniaconsultoria.com.br\/site\/wp-content\/uploads\/2017\/02\/Curso-in-company-Corujinha-Sapeca-emLibras-90x90.png\" alt=\"Curso in company Corujinha Sapeca emLibras\" width=\"90\" height=\"90\" \/><span class=\"su-custom-gallery-title\">Curso in company Corujinha Sapeca emLibras<\/span><\/a><\/div><div class=\"su-custom-gallery-slide\" style=\"width:90px;height:90px\"><a href=\"https:\/\/www.vaniaconsultoria.com.br\/site\/wp-content\/uploads\/2017\/02\/Eventos-Conselho-das-Pessoas-c-Defici\u00eancia-Cachoeirinha-2.jpg\" title=\"Eventos Conselho das Pessoas c Defici\u00eancia Cachoeirinha\"><img loading=\"lazy\" decoding=\"async\" src=\"https:\/\/www.vaniaconsultoria.com.br\/site\/wp-content\/uploads\/2017\/02\/Eventos-Conselho-das-Pessoas-c-Defici\u00eancia-Cachoeirinha-2-90x90.jpg\" alt=\"Eventos Conselho das Pessoas c Defici\u00eancia Cachoeirinha\" width=\"90\" height=\"90\" \/><span class=\"su-custom-gallery-title\">Eventos Conselho das Pessoas c Defici\u00eancia Cachoeirinha<\/span><\/a><\/div><div class=\"su-custom-gallery-slide\" style=\"width:90px;height:90px\"><a href=\"https:\/\/www.vaniaconsultoria.com.br\/site\/wp-content\/uploads\/2017\/02\/Forma\u00e7\u00e3o-de-Prodessores-em-lingu\u00edstica-Un\u00edntese-LIBRAS-2.jpg\" title=\"Forma\u00e7\u00e3o de Prodessores em lingu\u00edstica Un\u00edntese LIBRAS\"><img loading=\"lazy\" decoding=\"async\" src=\"https:\/\/www.vaniaconsultoria.com.br\/site\/wp-content\/uploads\/2017\/02\/Forma\u00e7\u00e3o-de-Prodessores-em-lingu\u00edstica-Un\u00edntese-LIBRAS-2-90x90.jpg\" alt=\"Forma\u00e7\u00e3o de Prodessores em lingu\u00edstica Un\u00edntese LIBRAS\" width=\"90\" height=\"90\" \/><span class=\"su-custom-gallery-title\">Forma\u00e7\u00e3o de Prodessores em lingu\u00edstica Un\u00edntese LIBRAS<\/span><\/a><\/div><div class=\"su-custom-gallery-slide\" style=\"width:90px;height:90px\"><a href=\"https:\/\/www.vaniaconsultoria.com.br\/site\/wp-content\/uploads\/2017\/02\/Forma\u00e7\u00e3o-de-Professores-Un\u00edntese-2.jpg\" title=\"Forma\u00e7\u00e3o de Professores Un\u00edntese\"><img loading=\"lazy\" decoding=\"async\" src=\"https:\/\/www.vaniaconsultoria.com.br\/site\/wp-content\/uploads\/2017\/02\/Forma\u00e7\u00e3o-de-Professores-Un\u00edntese-2-90x90.jpg\" alt=\"Forma\u00e7\u00e3o de Professores Un\u00edntese\" width=\"90\" height=\"90\" \/><span class=\"su-custom-gallery-title\">Forma\u00e7\u00e3o de Professores Un\u00edntese<\/span><\/a><\/div><div class=\"su-custom-gallery-slide\" style=\"width:90px;height:90px\"><a href=\"https:\/\/www.vaniaconsultoria.com.br\/site\/wp-content\/uploads\/2017\/02\/Consultoria-Empresarial-Treinamento-in-campany-Elo.jpg\" title=\"Consultoria Empresarial-Treinamento in campany Elo\"><img loading=\"lazy\" decoding=\"async\" src=\"https:\/\/www.vaniaconsultoria.com.br\/site\/wp-content\/uploads\/2017\/02\/Consultoria-Empresarial-Treinamento-in-campany-Elo-90x90.jpg\" alt=\"Consultoria Empresarial-Treinamento in campany Elo\" width=\"90\" height=\"90\" \/><span class=\"su-custom-gallery-title\">Consultoria Empresarial-Treinamento in campany Elo<\/span><\/a><\/div><div class=\"su-custom-gallery-slide\" style=\"width:90px;height:90px\"><a href=\"https:\/\/www.vaniaconsultoria.com.br\/site\/wp-content\/uploads\/2017\/02\/Curso-de-Libras-in-company-Unifin-2.jpg\" title=\"Curso de Libras in company Unifin 2\"><img loading=\"lazy\" decoding=\"async\" src=\"https:\/\/www.vaniaconsultoria.com.br\/site\/wp-content\/uploads\/2017\/02\/Curso-de-Libras-in-company-Unifin-2-90x90.jpg\" alt=\"Curso de Libras in company Unifin 2\" width=\"90\" height=\"90\" \/><span class=\"su-custom-gallery-title\">Curso de Libras in company Unifin 2<\/span><\/a><\/div><div class=\"su-custom-gallery-slide\" style=\"width:90px;height:90px\"><a href=\"https:\/\/www.vaniaconsultoria.com.br\/site\/wp-content\/uploads\/2017\/02\/Curso-de-Libras-in-company-Unifin.jpg\" title=\"Curso de Libras in company Unifin\"><img loading=\"lazy\" decoding=\"async\" src=\"https:\/\/www.vaniaconsultoria.com.br\/site\/wp-content\/uploads\/2017\/02\/Curso-de-Libras-in-company-Unifin-90x90.jpg\" alt=\"Curso de Libras in company Unifin\" width=\"90\" height=\"90\" \/><span class=\"su-custom-gallery-title\">Curso de Libras in company Unifin<\/span><\/a><\/div><div class=\"su-custom-gallery-slide\" style=\"width:90px;height:90px\"><a href=\"https:\/\/www.vaniaconsultoria.com.br\/site\/wp-content\/uploads\/2017\/02\/Curso-de-Libras-in-company-Unifin-3.jpg\" title=\"Curso de Libras in company Unifin 3\"><img loading=\"lazy\" decoding=\"async\" src=\"https:\/\/www.vaniaconsultoria.com.br\/site\/wp-content\/uploads\/2017\/02\/Curso-de-Libras-in-company-Unifin-3-90x90.jpg\" alt=\"Curso de Libras in company Unifin 3\" width=\"90\" height=\"90\" \/><span class=\"su-custom-gallery-title\">Curso de Libras in company Unifin 3<\/span><\/a><\/div><div class=\"su-custom-gallery-slide\" style=\"width:90px;height:90px\"><a href=\"https:\/\/www.vaniaconsultoria.com.br\/site\/wp-content\/uploads\/2017\/02\/Equipe-de-Int\u00e9rpretes-e-Guias-Int\u00e9rpretes-Aracaju-SE-2.jpg\" title=\"Equipe de Int\u00e9rpretes e Guias Int\u00e9rpretes Aracaju SE\"><img loading=\"lazy\" decoding=\"async\" src=\"https:\/\/www.vaniaconsultoria.com.br\/site\/wp-content\/uploads\/2017\/02\/Equipe-de-Int\u00e9rpretes-e-Guias-Int\u00e9rpretes-Aracaju-SE-2-90x90.jpg\" alt=\"Equipe de Int\u00e9rpretes e Guias Int\u00e9rpretes Aracaju SE\" width=\"90\" height=\"90\" \/><span class=\"su-custom-gallery-title\">Equipe de Int\u00e9rpretes e Guias Int\u00e9rpretes Aracaju SE<\/span><\/a><\/div><div class=\"su-custom-gallery-slide\" style=\"width:90px;height:90px\"><a href=\"https:\/\/www.vaniaconsultoria.com.br\/site\/wp-content\/uploads\/2017\/02\/Debate-com-Surdos-Cachoeirinha-2.jpg\" title=\"Debate com Surdos Cachoeirinha\"><img loading=\"lazy\" decoding=\"async\" src=\"https:\/\/www.vaniaconsultoria.com.br\/site\/wp-content\/uploads\/2017\/02\/Debate-com-Surdos-Cachoeirinha-2-90x90.jpg\" alt=\"Debate com Surdos Cachoeirinha\" width=\"90\" height=\"90\" \/><span class=\"su-custom-gallery-title\">Debate com Surdos Cachoeirinha<\/span><\/a><\/div><div class=\"su-custom-gallery-slide\" style=\"width:90px;height:90px\"><a href=\"https:\/\/www.vaniaconsultoria.com.br\/site\/wp-content\/uploads\/2017\/02\/Forma\u00e7\u00e3o-in-Company-de-Professores-AEE-Cruz-Alta-2.jpg\" title=\"Forma\u00e7\u00e3o in Company de Professores AEE Cruz Alta\"><img loading=\"lazy\" decoding=\"async\" src=\"https:\/\/www.vaniaconsultoria.com.br\/site\/wp-content\/uploads\/2017\/02\/Forma\u00e7\u00e3o-in-Company-de-Professores-AEE-Cruz-Alta-2-90x90.jpg\" alt=\"Forma\u00e7\u00e3o in Company de Professores AEE Cruz Alta\" width=\"90\" height=\"90\" \/><span class=\"su-custom-gallery-title\">Forma\u00e7\u00e3o in Company de Professores AEE Cruz Alta<\/span><\/a><\/div><div class=\"su-custom-gallery-slide\" style=\"width:90px;height:90px\"><a href=\"https:\/\/www.vaniaconsultoria.com.br\/site\/wp-content\/uploads\/2017\/02\/Forma\u00e7\u00e3o-em-Surdocegueira-Rio-de-Janeiro-2.jpg\" title=\"Forma\u00e7\u00e3o em Surdocegueira Rio de Janeiro\"><img loading=\"lazy\" decoding=\"async\" src=\"https:\/\/www.vaniaconsultoria.com.br\/site\/wp-content\/uploads\/2017\/02\/Forma\u00e7\u00e3o-em-Surdocegueira-Rio-de-Janeiro-2-90x90.jpg\" alt=\"Forma\u00e7\u00e3o em Surdocegueira Rio de Janeiro\" width=\"90\" height=\"90\" \/><span class=\"su-custom-gallery-title\">Forma\u00e7\u00e3o em Surdocegueira Rio de Janeiro<\/span><\/a><\/div><div class=\"su-custom-gallery-slide\" style=\"width:90px;height:90px\"><a href=\"https:\/\/www.vaniaconsultoria.com.br\/site\/wp-content\/uploads\/2017\/02\/Forma\u00e7\u00e3o-em-surdocegueira-ONG-2.jpg\" title=\"Forma\u00e7\u00e3o em surdocegueira ONG\"><img loading=\"lazy\" decoding=\"async\" src=\"https:\/\/www.vaniaconsultoria.com.br\/site\/wp-content\/uploads\/2017\/02\/Forma\u00e7\u00e3o-em-surdocegueira-ONG-2-90x90.jpg\" alt=\"Forma\u00e7\u00e3o em surdocegueira ONG\" width=\"90\" height=\"90\" \/><span class=\"su-custom-gallery-title\">Forma\u00e7\u00e3o em surdocegueira ONG<\/span><\/a><\/div><div class=\"su-custom-gallery-slide\" style=\"width:90px;height:90px\"><a href=\"https:\/\/www.vaniaconsultoria.com.br\/site\/wp-content\/uploads\/2017\/02\/Forma\u00e7\u00e3o-em-Libras-PM-Cachoeirinha-2.jpg\" title=\"Forma\u00e7\u00e3o em Libras PM Cachoeirinha\"><img loading=\"lazy\" decoding=\"async\" src=\"https:\/\/www.vaniaconsultoria.com.br\/site\/wp-content\/uploads\/2017\/02\/Forma\u00e7\u00e3o-em-Libras-PM-Cachoeirinha-2-90x90.jpg\" alt=\"Forma\u00e7\u00e3o em Libras PM Cachoeirinha\" width=\"90\" height=\"90\" \/><span class=\"su-custom-gallery-title\">Forma\u00e7\u00e3o em Libras PM Cachoeirinha<\/span><\/a><\/div><div class=\"su-custom-gallery-slide\" style=\"width:90px;height:90px\"><a href=\"https:\/\/www.vaniaconsultoria.com.br\/site\/wp-content\/uploads\/2017\/02\/Imagem1-1.png\" title=\"Imagem1\"><img loading=\"lazy\" decoding=\"async\" src=\"https:\/\/www.vaniaconsultoria.com.br\/site\/wp-content\/uploads\/2017\/02\/Imagem1-1-90x90.png\" alt=\"Imagem1\" width=\"90\" height=\"90\" \/><span class=\"su-custom-gallery-title\">Imagem1<\/span><\/a><\/div><div class=\"su-custom-gallery-slide\" style=\"width:90px;height:90px\"><a href=\"https:\/\/www.vaniaconsultoria.com.br\/site\/wp-content\/uploads\/2017\/02\/Forma\u00e7\u00e3o-in-Company-de-Prtofessores-Unipampa-Dom-Pedrito-1.jpg\" title=\"Forma\u00e7\u00e3o in Company de Prtofessores Unipampa Dom Pedrito\"><img loading=\"lazy\" decoding=\"async\" src=\"https:\/\/www.vaniaconsultoria.com.br\/site\/wp-content\/uploads\/2017\/02\/Forma\u00e7\u00e3o-in-Company-de-Prtofessores-Unipampa-Dom-Pedrito-1-90x90.jpg\" alt=\"Forma\u00e7\u00e3o in Company de Prtofessores Unipampa Dom Pedrito\" width=\"90\" height=\"90\" \/><span class=\"su-custom-gallery-title\">Forma\u00e7\u00e3o in Company de Prtofessores Unipampa Dom Pedrito<\/span><\/a><\/div><div class=\"su-custom-gallery-slide\" style=\"width:90px;height:90px\"><a href=\"https:\/\/www.vaniaconsultoria.com.br\/site\/wp-content\/uploads\/2017\/02\/Forma\u00e7\u00e3o-in-Company-de-Professores-Unipampa-S\u00e3o-Borja-1.jpg\" title=\"Forma\u00e7\u00e3o in Company de Professores Unipampa S\u00e3o Borja\"><img loading=\"lazy\" decoding=\"async\" src=\"https:\/\/www.vaniaconsultoria.com.br\/site\/wp-content\/uploads\/2017\/02\/Forma\u00e7\u00e3o-in-Company-de-Professores-Unipampa-S\u00e3o-Borja-1-90x90.jpg\" alt=\"Forma\u00e7\u00e3o in Company de Professores Unipampa S\u00e3o Borja\" width=\"90\" height=\"90\" \/><span class=\"su-custom-gallery-title\">Forma\u00e7\u00e3o in Company de Professores Unipampa S\u00e3o Borja<\/span><\/a><\/div><div class=\"su-custom-gallery-slide\" style=\"width:90px;height:90px\"><a href=\"https:\/\/www.vaniaconsultoria.com.br\/site\/wp-content\/uploads\/2017\/02\/Forma\u00e7\u00e3o-in-Company-de-Professores-AEE-Gravata\u00ed-1.jpg\" title=\"Forma\u00e7\u00e3o in Company de Professores AEE Gravata\u00ed\"><img loading=\"lazy\" decoding=\"async\" src=\"https:\/\/www.vaniaconsultoria.com.br\/site\/wp-content\/uploads\/2017\/02\/Forma\u00e7\u00e3o-in-Company-de-Professores-AEE-Gravata\u00ed-1-90x90.jpg\" alt=\"Forma\u00e7\u00e3o in Company de Professores AEE Gravata\u00ed\" width=\"90\" height=\"90\" \/><span class=\"su-custom-gallery-title\">Forma\u00e7\u00e3o in Company de Professores AEE Gravata\u00ed<\/span><\/a><\/div><div class=\"su-custom-gallery-slide\" style=\"width:90px;height:90px\"><a href=\"https:\/\/www.vaniaconsultoria.com.br\/site\/wp-content\/uploads\/2017\/02\/Tradu\u00e7\u00e3o-e-interpreta\u00e7\u00e3o-em-Eventos.jpg\" title=\"Tradu\u00e7\u00e3o e interpreta\u00e7\u00e3o em Eventos\"><img loading=\"lazy\" decoding=\"async\" src=\"https:\/\/www.vaniaconsultoria.com.br\/site\/wp-content\/uploads\/2017\/02\/Tradu\u00e7\u00e3o-e-interpreta\u00e7\u00e3o-em-Eventos-90x90.jpg\" alt=\"Tradu\u00e7\u00e3o e interpreta\u00e7\u00e3o em Eventos\" width=\"90\" height=\"90\" \/><span class=\"su-custom-gallery-title\">Tradu\u00e7\u00e3o e interpreta\u00e7\u00e3o em Eventos<\/span><\/a><\/div><div class=\"su-custom-gallery-slide\" style=\"width:90px;height:90px\"><a href=\"https:\/\/www.vaniaconsultoria.com.br\/site\/wp-content\/uploads\/2017\/02\/Tradu\u00e7\u00e3o-e-interpreta\u00e7\u00e3o-em-eventos-Sec.-da-Sa\u00fade.jpg\" title=\"Tradu\u00e7\u00e3o e interpreta\u00e7\u00e3o em eventos Sec. da Sa\u00fade\"><img loading=\"lazy\" decoding=\"async\" src=\"https:\/\/www.vaniaconsultoria.com.br\/site\/wp-content\/uploads\/2017\/02\/Tradu\u00e7\u00e3o-e-interpreta\u00e7\u00e3o-em-eventos-Sec.-da-Sa\u00fade-90x90.jpg\" alt=\"Tradu\u00e7\u00e3o e interpreta\u00e7\u00e3o em eventos Sec. da Sa\u00fade\" width=\"90\" height=\"90\" \/><span class=\"su-custom-gallery-title\">Tradu\u00e7\u00e3o e interpreta\u00e7\u00e3o em eventos Sec. da Sa\u00fade<\/span><\/a><\/div><div class=\"su-custom-gallery-slide\" style=\"width:90px;height:90px\"><a href=\"https:\/\/www.vaniaconsultoria.com.br\/site\/wp-content\/uploads\/2017\/02\/Tradu\u00e7\u00e3o-e-interpreta\u00e7\u00e3o-em-eventos-PUC.jpg\" title=\"Tradu\u00e7\u00e3o e interpreta\u00e7\u00e3o em eventos PUC\"><img loading=\"lazy\" decoding=\"async\" src=\"https:\/\/www.vaniaconsultoria.com.br\/site\/wp-content\/uploads\/2017\/02\/Tradu\u00e7\u00e3o-e-interpreta\u00e7\u00e3o-em-eventos-PUC-90x90.jpg\" alt=\"Tradu\u00e7\u00e3o e interpreta\u00e7\u00e3o em eventos PUC\" width=\"90\" height=\"90\" \/><span class=\"su-custom-gallery-title\">Tradu\u00e7\u00e3o e interpreta\u00e7\u00e3o em eventos PUC<\/span><\/a><\/div><div class=\"su-custom-gallery-slide\" style=\"width:90px;height:90px\"><a href=\"https:\/\/www.vaniaconsultoria.com.br\/site\/wp-content\/uploads\/2017\/02\/Tradu\u00e7\u00e3o-em-Libras-em-evento-4-1.jpg\" title=\"Tradu\u00e7\u00e3o em Libras em evento 4\"><img loading=\"lazy\" decoding=\"async\" src=\"https:\/\/www.vaniaconsultoria.com.br\/site\/wp-content\/uploads\/2017\/02\/Tradu\u00e7\u00e3o-em-Libras-em-evento-4-1-90x90.jpg\" alt=\"Tradu\u00e7\u00e3o em Libras em evento 4\" width=\"90\" height=\"90\" \/><span class=\"su-custom-gallery-title\">Tradu\u00e7\u00e3o em Libras em evento 4<\/span><\/a><\/div><div class=\"su-custom-gallery-slide\" style=\"width:90px;height:90px\"><a href=\"https:\/\/www.vaniaconsultoria.com.br\/site\/wp-content\/uploads\/2017\/02\/Tradu\u00e7\u00e3o-e-interpreta\u00e7\u00e3o-Sec.-da-Sa\u00fade-0_1.jpg\" title=\"Tradu\u00e7\u00e3o e interpreta\u00e7\u00e3o Sec. da Sa\u00fade 0_1\"><img loading=\"lazy\" decoding=\"async\" src=\"https:\/\/www.vaniaconsultoria.com.br\/site\/wp-content\/uploads\/2017\/02\/Tradu\u00e7\u00e3o-e-interpreta\u00e7\u00e3o-Sec.-da-Sa\u00fade-0_1-90x90.jpg\" alt=\"Tradu\u00e7\u00e3o e interpreta\u00e7\u00e3o Sec. da Sa\u00fade 0_1\" width=\"90\" height=\"90\" \/><span class=\"su-custom-gallery-title\">Tradu\u00e7\u00e3o e interpreta\u00e7\u00e3o Sec. da Sa\u00fade 0_1<\/span><\/a><\/div><div class=\"su-custom-gallery-slide\" style=\"width:90px;height:90px\"><a href=\"https:\/\/www.vaniaconsultoria.com.br\/site\/wp-content\/uploads\/2017\/02\/Tradu\u00e7\u00e3o-e-interpreta\u00e7\u00e3o-Sec.-da-Sa\u00fade-0-1.jpg\" title=\"Tradu\u00e7\u00e3o e interpreta\u00e7\u00e3o Sec. da Sa\u00fade 0\"><img loading=\"lazy\" decoding=\"async\" src=\"https:\/\/www.vaniaconsultoria.com.br\/site\/wp-content\/uploads\/2017\/02\/Tradu\u00e7\u00e3o-e-interpreta\u00e7\u00e3o-Sec.-da-Sa\u00fade-0-1-90x90.jpg\" alt=\"Tradu\u00e7\u00e3o e interpreta\u00e7\u00e3o Sec. da Sa\u00fade 0\" width=\"90\" height=\"90\" \/><span class=\"su-custom-gallery-title\">Tradu\u00e7\u00e3o e interpreta\u00e7\u00e3o Sec. da Sa\u00fade 0<\/span><\/a><\/div><div class=\"su-custom-gallery-slide\" style=\"width:90px;height:90px\"><a href=\"https:\/\/www.vaniaconsultoria.com.br\/site\/wp-content\/uploads\/2017\/02\/Tradu\u00e7\u00e3o-e-interpreta\u00e7\u00e3o-Festa-da-Uva-Caxias_1.jpg\" title=\"Tradu\u00e7\u00e3o e interpreta\u00e7\u00e3o Festa da Uva Caxias_1\"><img loading=\"lazy\" decoding=\"async\" src=\"https:\/\/www.vaniaconsultoria.com.br\/site\/wp-content\/uploads\/2017\/02\/Tradu\u00e7\u00e3o-e-interpreta\u00e7\u00e3o-Festa-da-Uva-Caxias_1-90x90.jpg\" alt=\"Tradu\u00e7\u00e3o e interpreta\u00e7\u00e3o Festa da Uva Caxias_1\" width=\"90\" height=\"90\" \/><span class=\"su-custom-gallery-title\">Tradu\u00e7\u00e3o e interpreta\u00e7\u00e3o Festa da Uva Caxias_1<\/span><\/a><\/div><div class=\"su-custom-gallery-slide\" style=\"width:90px;height:90px\"><a href=\"https:\/\/www.vaniaconsultoria.com.br\/site\/wp-content\/uploads\/2017\/02\/Tradu\u00e7\u00e3o-e-interpreta\u00e7\u00e3o-Festa-da-Uva-Caxias-1.jpg\" title=\"Tradu\u00e7\u00e3o e interpreta\u00e7\u00e3o Festa da Uva Caxias\"><img loading=\"lazy\" decoding=\"async\" src=\"https:\/\/www.vaniaconsultoria.com.br\/site\/wp-content\/uploads\/2017\/02\/Tradu\u00e7\u00e3o-e-interpreta\u00e7\u00e3o-Festa-da-Uva-Caxias-1-90x90.jpg\" alt=\"Tradu\u00e7\u00e3o e interpreta\u00e7\u00e3o Festa da Uva Caxias\" width=\"90\" height=\"90\" \/><span class=\"su-custom-gallery-title\">Tradu\u00e7\u00e3o e interpreta\u00e7\u00e3o Festa da Uva Caxias<\/span><\/a><\/div><div class=\"su-custom-gallery-slide\" style=\"width:90px;height:90px\"><a href=\"https:\/\/www.vaniaconsultoria.com.br\/site\/wp-content\/uploads\/2017\/02\/Treinamento-in-campany-Johnson-GM-1.png\" title=\"Treinamento in campany Johnson GM\"><img loading=\"lazy\" decoding=\"async\" src=\"https:\/\/www.vaniaconsultoria.com.br\/site\/wp-content\/uploads\/2017\/02\/Treinamento-in-campany-Johnson-GM-1-90x90.png\" alt=\"Treinamento in campany Johnson GM\" width=\"90\" height=\"90\" \/><span class=\"su-custom-gallery-title\">Treinamento in campany Johnson GM<\/span><\/a><\/div><div class=\"su-custom-gallery-slide\" style=\"width:90px;height:90px\"><a href=\"https:\/\/www.vaniaconsultoria.com.br\/site\/wp-content\/uploads\/2017\/02\/Treinamento-in-campany-Rumo-Certo-Gravata\u00ed-1.jpg\" title=\"Treinamento in campany Rumo Certo Gravata\u00ed\"><img loading=\"lazy\" decoding=\"async\" src=\"https:\/\/www.vaniaconsultoria.com.br\/site\/wp-content\/uploads\/2017\/02\/Treinamento-in-campany-Rumo-Certo-Gravata\u00ed-1-90x90.jpg\" alt=\"Treinamento in campany Rumo Certo Gravata\u00ed\" width=\"90\" height=\"90\" \/><span class=\"su-custom-gallery-title\">Treinamento in campany Rumo Certo Gravata\u00ed<\/span><\/a><\/div><div class=\"su-custom-gallery-slide\" style=\"width:90px;height:90px\"><a href=\"https:\/\/www.vaniaconsultoria.com.br\/site\/wp-content\/uploads\/2017\/02\/Treinamento-in-campany-ELO-54-1.jpg\" title=\"Treinamento in campany ELO 54\"><img loading=\"lazy\" decoding=\"async\" src=\"https:\/\/www.vaniaconsultoria.com.br\/site\/wp-content\/uploads\/2017\/02\/Treinamento-in-campany-ELO-54-1-90x90.jpg\" alt=\"Treinamento in campany ELO 54\" width=\"90\" height=\"90\" \/><span class=\"su-custom-gallery-title\">Treinamento in campany ELO 54<\/span><\/a><\/div><div class=\"su-custom-gallery-slide\" style=\"width:90px;height:90px\"><a href=\"https:\/\/www.vaniaconsultoria.com.br\/site\/wp-content\/uploads\/2017\/02\/Tradu\u00e7\u00e3o-Tadoma-Surdocegos-Aracaju-SE-1.jpg\" title=\"Tradu\u00e7\u00e3o Tadoma \u2013 Surdocegos Aracaju SE\"><img loading=\"lazy\" decoding=\"async\" src=\"https:\/\/www.vaniaconsultoria.com.br\/site\/wp-content\/uploads\/2017\/02\/Tradu\u00e7\u00e3o-Tadoma-Surdocegos-Aracaju-SE-1-90x90.jpg\" alt=\"Tradu\u00e7\u00e3o Tadoma \u2013 Surdocegos Aracaju SE\" width=\"90\" height=\"90\" \/><span class=\"su-custom-gallery-title\">Tradu\u00e7\u00e3o Tadoma &#8211; Surdocegos Aracaju SE<\/span><\/a><\/div><div class=\"su-custom-gallery-slide\" style=\"width:90px;height:90px\"><a href=\"https:\/\/www.vaniaconsultoria.com.br\/site\/wp-content\/uploads\/2017\/02\/Tradu\u00e7\u00e3o-Portugu\u00eas-Espanhol-Minist\u00e9rio-P\u00fablico-1.jpg\" title=\"Tradu\u00e7\u00e3o Portugu\u00eas Espanhol Minist\u00e9rio P\u00fablico\"><img loading=\"lazy\" decoding=\"async\" src=\"https:\/\/www.vaniaconsultoria.com.br\/site\/wp-content\/uploads\/2017\/02\/Tradu\u00e7\u00e3o-Portugu\u00eas-Espanhol-Minist\u00e9rio-P\u00fablico-1-90x90.jpg\" alt=\"Tradu\u00e7\u00e3o Portugu\u00eas Espanhol Minist\u00e9rio P\u00fablico\" width=\"90\" height=\"90\" \/><span class=\"su-custom-gallery-title\">Tradu\u00e7\u00e3o Portugu\u00eas Espanhol Minist\u00e9rio P\u00fablico<\/span><\/a><\/div><div class=\"su-custom-gallery-slide\" style=\"width:90px;height:90px\"><a href=\"https:\/\/www.vaniaconsultoria.com.br\/site\/wp-content\/uploads\/2017\/02\/Tradu\u00e7\u00e3o-Gsto-T\u00e1ctil-Surdocegos-Aracaju-SE-1.jpg\" title=\"Tradu\u00e7\u00e3o Gsto T\u00e1ctil Surdocegos Aracaju SE\"><img loading=\"lazy\" decoding=\"async\" src=\"https:\/\/www.vaniaconsultoria.com.br\/site\/wp-content\/uploads\/2017\/02\/Tradu\u00e7\u00e3o-Gsto-T\u00e1ctil-Surdocegos-Aracaju-SE-1-90x90.jpg\" alt=\"Tradu\u00e7\u00e3o Gsto T\u00e1ctil Surdocegos Aracaju SE\" width=\"90\" height=\"90\" \/><span class=\"su-custom-gallery-title\">Tradu\u00e7\u00e3o Gsto T\u00e1ctil Surdocegos Aracaju SE<\/span><\/a><\/div><div class=\"su-custom-gallery-slide\" style=\"width:90px;height:90px\"><a href=\"https:\/\/www.vaniaconsultoria.com.br\/site\/wp-content\/uploads\/2017\/02\/Treinamento-in-Company-Teikon-1.jpg\" title=\"Treinamento in Company Teikon\"><img loading=\"lazy\" decoding=\"async\" src=\"https:\/\/www.vaniaconsultoria.com.br\/site\/wp-content\/uploads\/2017\/02\/Treinamento-in-Company-Teikon-1-90x90.jpg\" alt=\"Treinamento in Company Teikon\" width=\"90\" height=\"90\" \/><span class=\"su-custom-gallery-title\">Treinamento in Company Teikon<\/span><\/a><\/div><div class=\"su-custom-gallery-slide\" style=\"width:90px;height:90px\"><a href=\"https:\/\/www.vaniaconsultoria.com.br\/site\/wp-content\/uploads\/2017\/02\/Treinamento-in-company-Lear-do-Brasil-GM-1.jpg\" title=\"Treinamento in company Lear do Brasil-GM\"><img loading=\"lazy\" decoding=\"async\" src=\"https:\/\/www.vaniaconsultoria.com.br\/site\/wp-content\/uploads\/2017\/02\/Treinamento-in-company-Lear-do-Brasil-GM-1-90x90.jpg\" alt=\"Treinamento in company Lear do Brasil-GM\" width=\"90\" height=\"90\" \/><span class=\"su-custom-gallery-title\">Treinamento in company Lear do Brasil-GM<\/span><\/a><\/div><div class=\"su-custom-gallery-slide\" style=\"width:90px;height:90px\"><a href=\"https:\/\/www.vaniaconsultoria.com.br\/site\/wp-content\/uploads\/2017\/02\/Treinamento-in-Company-Jonhson-GM-1.jpg\" title=\"Treinamento in Company Jonhson GM\"><img loading=\"lazy\" decoding=\"async\" src=\"https:\/\/www.vaniaconsultoria.com.br\/site\/wp-content\/uploads\/2017\/02\/Treinamento-in-Company-Jonhson-GM-1-90x90.jpg\" alt=\"Treinamento in Company Jonhson GM\" width=\"90\" height=\"90\" \/><span class=\"su-custom-gallery-title\">Treinamento in Company Jonhson GM<\/span><\/a><\/div><div class=\"su-custom-gallery-slide\" style=\"width:90px;height:90px\"><a href=\"https:\/\/www.vaniaconsultoria.com.br\/site\/wp-content\/uploads\/2017\/02\/Treinamento-in-company-JBS-Est\u00e2ncia-Velha-1.jpg\" title=\"Treinamento in company JBS Est\u00e2ncia Velha\"><img loading=\"lazy\" decoding=\"async\" src=\"https:\/\/www.vaniaconsultoria.com.br\/site\/wp-content\/uploads\/2017\/02\/Treinamento-in-company-JBS-Est\u00e2ncia-Velha-1-90x90.jpg\" alt=\"Treinamento in company JBS Est\u00e2ncia Velha\" width=\"90\" height=\"90\" \/><span class=\"su-custom-gallery-title\">Treinamento in company JBS Est\u00e2ncia Velha<\/span><\/a><\/div><div class=\"su-custom-gallery-slide\" style=\"width:90px;height:90px\"><a href=\"https:\/\/www.vaniaconsultoria.com.br\/site\/wp-content\/uploads\/2017\/02\/Treinamento-in-company-HPelzer-GM-1.png\" title=\"Treinamento in company HPelzer-GM\"><img loading=\"lazy\" decoding=\"async\" src=\"https:\/\/www.vaniaconsultoria.com.br\/site\/wp-content\/uploads\/2017\/02\/Treinamento-in-company-HPelzer-GM-1-90x90.png\" alt=\"Treinamento in company HPelzer-GM\" width=\"90\" height=\"90\" \/><span class=\"su-custom-gallery-title\">Treinamento in company HPelzer-GM<\/span><\/a><\/div><div class=\"su-custom-gallery-slide\" style=\"width:90px;height:90px\"><a href=\"https:\/\/www.vaniaconsultoria.com.br\/site\/wp-content\/uploads\/2017\/02\/Treinamento-in-company-Elo-em-Libras-1.jpg\" title=\"Treinamento in company Elo em Libras\"><img loading=\"lazy\" decoding=\"async\" src=\"https:\/\/www.vaniaconsultoria.com.br\/site\/wp-content\/uploads\/2017\/02\/Treinamento-in-company-Elo-em-Libras-1-90x90.jpg\" alt=\"Treinamento in company Elo em Libras\" width=\"90\" height=\"90\" \/><span class=\"su-custom-gallery-title\">Treinamento in company Elo em Libras<\/span><\/a><\/div><div class=\"su-custom-gallery-slide\" style=\"width:90px;height:90px\"><a href=\"https:\/\/www.vaniaconsultoria.com.br\/site\/wp-content\/uploads\/2017\/02\/Treinamento-in-Company-Teikon.jpg\" title=\"Treinamento in Company Teikon\"><img loading=\"lazy\" decoding=\"async\" src=\"https:\/\/www.vaniaconsultoria.com.br\/site\/wp-content\/uploads\/2017\/02\/Treinamento-in-Company-Teikon-90x90.jpg\" alt=\"Treinamento in Company Teikon\" width=\"90\" height=\"90\" \/><span class=\"su-custom-gallery-title\">Treinamento in Company Teikon<\/span><\/a><\/div><div class=\"su-custom-gallery-slide\" style=\"width:90px;height:90px\"><a href=\"https:\/\/www.vaniaconsultoria.com.br\/site\/wp-content\/uploads\/2017\/02\/Treinamento-in-company-Lear-do-Brasil-GM.jpg\" title=\"Treinamento in company Lear do Brasil-GM\"><img loading=\"lazy\" decoding=\"async\" src=\"https:\/\/www.vaniaconsultoria.com.br\/site\/wp-content\/uploads\/2017\/02\/Treinamento-in-company-Lear-do-Brasil-GM-90x90.jpg\" alt=\"Treinamento in company Lear do Brasil-GM\" width=\"90\" height=\"90\" \/><span class=\"su-custom-gallery-title\">Treinamento in company Lear do Brasil-GM<\/span><\/a><\/div><div class=\"su-custom-gallery-slide\" style=\"width:90px;height:90px\"><a href=\"https:\/\/www.vaniaconsultoria.com.br\/site\/wp-content\/uploads\/2017\/02\/Treinamento-in-Company-Jonhson-GM.jpg\" title=\"Treinamento in Company Jonhson GM\"><img loading=\"lazy\" decoding=\"async\" src=\"https:\/\/www.vaniaconsultoria.com.br\/site\/wp-content\/uploads\/2017\/02\/Treinamento-in-Company-Jonhson-GM-90x90.jpg\" alt=\"Treinamento in Company Jonhson GM\" width=\"90\" height=\"90\" \/><span class=\"su-custom-gallery-title\">Treinamento in Company Jonhson GM<\/span><\/a><\/div><div class=\"su-custom-gallery-slide\" style=\"width:90px;height:90px\"><a href=\"https:\/\/www.vaniaconsultoria.com.br\/site\/wp-content\/uploads\/2017\/02\/Treinamento-in-company-JBS-Est\u00e2ncia-Velha.jpg\" title=\"Treinamento in company JBS Est\u00e2ncia Velha\"><img loading=\"lazy\" decoding=\"async\" src=\"https:\/\/www.vaniaconsultoria.com.br\/site\/wp-content\/uploads\/2017\/02\/Treinamento-in-company-JBS-Est\u00e2ncia-Velha-90x90.jpg\" alt=\"Treinamento in company JBS Est\u00e2ncia Velha\" width=\"90\" height=\"90\" \/><span class=\"su-custom-gallery-title\">Treinamento in company JBS Est\u00e2ncia Velha<\/span><\/a><\/div><div class=\"su-custom-gallery-slide\" style=\"width:90px;height:90px\"><a href=\"https:\/\/www.vaniaconsultoria.com.br\/site\/wp-content\/uploads\/2017\/02\/Treinamento-in-company-Elo-em-Libras.jpg\" title=\"Treinamento in company Elo em Libras\"><img loading=\"lazy\" decoding=\"async\" src=\"https:\/\/www.vaniaconsultoria.com.br\/site\/wp-content\/uploads\/2017\/02\/Treinamento-in-company-Elo-em-Libras-90x90.jpg\" alt=\"Treinamento in company Elo em Libras\" width=\"90\" height=\"90\" \/><span class=\"su-custom-gallery-title\">Treinamento in company Elo em Libras<\/span><\/a><\/div><div class=\"su-custom-gallery-slide\" style=\"width:90px;height:90px\"><a href=\"https:\/\/www.vaniaconsultoria.com.br\/site\/wp-content\/uploads\/2017\/02\/Treinamento-in-company-HPelzer-GM.png\" title=\"Treinamento in company HPelzer-GM\"><img loading=\"lazy\" decoding=\"async\" src=\"https:\/\/www.vaniaconsultoria.com.br\/site\/wp-content\/uploads\/2017\/02\/Treinamento-in-company-HPelzer-GM-90x90.png\" alt=\"Treinamento in company HPelzer-GM\" width=\"90\" height=\"90\" \/><span class=\"su-custom-gallery-title\">Treinamento in company HPelzer-GM<\/span><\/a><\/div><div class=\"su-custom-gallery-slide\" style=\"width:90px;height:90px\"><a href=\"https:\/\/www.vaniaconsultoria.com.br\/site\/wp-content\/uploads\/2017\/02\/Treinamento-in-campany-Rumo-Certo-Gravata\u00ed.jpg\" title=\"Treinamento in campany Rumo Certo Gravata\u00ed\"><img loading=\"lazy\" decoding=\"async\" src=\"https:\/\/www.vaniaconsultoria.com.br\/site\/wp-content\/uploads\/2017\/02\/Treinamento-in-campany-Rumo-Certo-Gravata\u00ed-90x90.jpg\" alt=\"Treinamento in campany Rumo Certo Gravata\u00ed\" width=\"90\" height=\"90\" \/><span class=\"su-custom-gallery-title\">Treinamento in campany Rumo Certo Gravata\u00ed<\/span><\/a><\/div><div class=\"su-custom-gallery-slide\" style=\"width:90px;height:90px\"><a href=\"https:\/\/www.vaniaconsultoria.com.br\/site\/wp-content\/uploads\/2017\/02\/Treinamento-in-campany-Johnson-GM.png\" title=\"Treinamento in campany Johnson GM\"><img loading=\"lazy\" decoding=\"async\" src=\"https:\/\/www.vaniaconsultoria.com.br\/site\/wp-content\/uploads\/2017\/02\/Treinamento-in-campany-Johnson-GM-90x90.png\" alt=\"Treinamento in campany Johnson GM\" width=\"90\" height=\"90\" \/><span class=\"su-custom-gallery-title\">Treinamento in campany Johnson GM<\/span><\/a><\/div><div class=\"su-custom-gallery-slide\" style=\"width:90px;height:90px\"><a href=\"https:\/\/www.vaniaconsultoria.com.br\/site\/wp-content\/uploads\/2017\/02\/Treinamento-in-campany-ELO-54.jpg\" title=\"Treinamento in campany ELO 54\"><img loading=\"lazy\" decoding=\"async\" src=\"https:\/\/www.vaniaconsultoria.com.br\/site\/wp-content\/uploads\/2017\/02\/Treinamento-in-campany-ELO-54-90x90.jpg\" alt=\"Treinamento in campany ELO 54\" width=\"90\" height=\"90\" \/><span class=\"su-custom-gallery-title\">Treinamento in campany ELO 54<\/span><\/a><\/div><div class=\"su-custom-gallery-slide\" style=\"width:90px;height:90px\"><a href=\"https:\/\/www.vaniaconsultoria.com.br\/site\/wp-content\/uploads\/2017\/02\/Tradu\u00e7\u00e3o-Tadoma-Surdocegos-Aracaju-SE.jpg\" title=\"Tradu\u00e7\u00e3o Tadoma \u2013 Surdocegos Aracaju SE\"><img loading=\"lazy\" decoding=\"async\" src=\"https:\/\/www.vaniaconsultoria.com.br\/site\/wp-content\/uploads\/2017\/02\/Tradu\u00e7\u00e3o-Tadoma-Surdocegos-Aracaju-SE-90x90.jpg\" alt=\"Tradu\u00e7\u00e3o Tadoma \u2013 Surdocegos Aracaju SE\" width=\"90\" height=\"90\" \/><span class=\"su-custom-gallery-title\">Tradu\u00e7\u00e3o Tadoma &#8211; Surdocegos Aracaju SE<\/span><\/a><\/div><div class=\"su-custom-gallery-slide\" style=\"width:90px;height:90px\"><a href=\"https:\/\/www.vaniaconsultoria.com.br\/site\/wp-content\/uploads\/2017\/02\/Tradu\u00e7\u00e3o-Portugu\u00eas-Espanhol-Minist\u00e9rio-P\u00fablico.jpg\" title=\"Tradu\u00e7\u00e3o Portugu\u00eas Espanhol Minist\u00e9rio P\u00fablico\"><img loading=\"lazy\" decoding=\"async\" src=\"https:\/\/www.vaniaconsultoria.com.br\/site\/wp-content\/uploads\/2017\/02\/Tradu\u00e7\u00e3o-Portugu\u00eas-Espanhol-Minist\u00e9rio-P\u00fablico-90x90.jpg\" alt=\"Tradu\u00e7\u00e3o Portugu\u00eas Espanhol Minist\u00e9rio P\u00fablico\" width=\"90\" height=\"90\" \/><span class=\"su-custom-gallery-title\">Tradu\u00e7\u00e3o Portugu\u00eas Espanhol Minist\u00e9rio P\u00fablico<\/span><\/a><\/div><div class=\"su-custom-gallery-slide\" style=\"width:90px;height:90px\"><a href=\"https:\/\/www.vaniaconsultoria.com.br\/site\/wp-content\/uploads\/2017\/02\/Tradu\u00e7\u00e3o-Gsto-T\u00e1ctil-Surdocegos-Aracaju-SE.jpg\" title=\"Tradu\u00e7\u00e3o Gsto T\u00e1ctil Surdocegos Aracaju SE\"><img loading=\"lazy\" decoding=\"async\" src=\"https:\/\/www.vaniaconsultoria.com.br\/site\/wp-content\/uploads\/2017\/02\/Tradu\u00e7\u00e3o-Gsto-T\u00e1ctil-Surdocegos-Aracaju-SE-90x90.jpg\" alt=\"Tradu\u00e7\u00e3o Gsto T\u00e1ctil Surdocegos Aracaju SE\" width=\"90\" height=\"90\" \/><span class=\"su-custom-gallery-title\">Tradu\u00e7\u00e3o Gsto T\u00e1ctil Surdocegos Aracaju SE<\/span><\/a><\/div><div class=\"su-custom-gallery-slide\" style=\"width:90px;height:90px\"><a href=\"https:\/\/www.vaniaconsultoria.com.br\/site\/wp-content\/uploads\/2017\/02\/Tradu\u00e7\u00e3o-em-Libras-JBS-1.jpg\" title=\"Tradu\u00e7\u00e3o em Libras JBS\"><img loading=\"lazy\" decoding=\"async\" src=\"https:\/\/www.vaniaconsultoria.com.br\/site\/wp-content\/uploads\/2017\/02\/Tradu\u00e7\u00e3o-em-Libras-JBS-1-90x90.jpg\" alt=\"Tradu\u00e7\u00e3o em Libras JBS\" width=\"90\" height=\"90\" \/><span class=\"su-custom-gallery-title\">Tradu\u00e7\u00e3o em Libras JBS<\/span><\/a><\/div><div class=\"su-custom-gallery-slide\" style=\"width:90px;height:90px\"><a href=\"https:\/\/www.vaniaconsultoria.com.br\/site\/wp-content\/uploads\/2017\/02\/Tradu\u00e7\u00e3o-em-Libras-Eventos-DSC04844-1.jpg\" title=\"Tradu\u00e7\u00e3o em Libras Eventos DSC04844\"><img loading=\"lazy\" decoding=\"async\" src=\"https:\/\/www.vaniaconsultoria.com.br\/site\/wp-content\/uploads\/2017\/02\/Tradu\u00e7\u00e3o-em-Libras-Eventos-DSC04844-1-90x90.jpg\" alt=\"Tradu\u00e7\u00e3o em Libras Eventos DSC04844\" width=\"90\" height=\"90\" \/><span class=\"su-custom-gallery-title\">Tradu\u00e7\u00e3o em Libras Eventos DSC04844<\/span><\/a><\/div><div class=\"su-custom-gallery-slide\" style=\"width:90px;height:90px\"><a href=\"https:\/\/www.vaniaconsultoria.com.br\/site\/wp-content\/uploads\/2017\/02\/Tradu\u00e7\u00e3o-em-Libras-en-eventos-C\u00e2mara-Cachoeirinha-15-20-1.png\" title=\"Tradu\u00e7\u00e3o em Libras en eventos C\u00e2mara Cachoeirinha 15-20)\"><img loading=\"lazy\" decoding=\"async\" src=\"https:\/\/www.vaniaconsultoria.com.br\/site\/wp-content\/uploads\/2017\/02\/Tradu\u00e7\u00e3o-em-Libras-en-eventos-C\u00e2mara-Cachoeirinha-15-20-1-90x90.png\" alt=\"Tradu\u00e7\u00e3o em Libras en eventos C\u00e2mara Cachoeirinha 15-20)\" width=\"90\" height=\"90\" \/><span class=\"su-custom-gallery-title\">Tradu\u00e7\u00e3o em Libras en eventos C\u00e2mara Cachoeirinha 15-20)<\/span><\/a><\/div><div class=\"su-custom-gallery-slide\" style=\"width:90px;height:90px\"><a href=\"https:\/\/www.vaniaconsultoria.com.br\/site\/wp-content\/uploads\/2017\/02\/Tradu\u00e7\u00e3o-em-Libras-em-eventos-SENAI-V\u00e2nia-1.jpg\" title=\"Tradu\u00e7\u00e3o em Libras em eventos SENAI V\u00e2nia\"><img loading=\"lazy\" decoding=\"async\" src=\"https:\/\/www.vaniaconsultoria.com.br\/site\/wp-content\/uploads\/2017\/02\/Tradu\u00e7\u00e3o-em-Libras-em-eventos-SENAI-V\u00e2nia-1-90x90.jpg\" alt=\"Tradu\u00e7\u00e3o em Libras em eventos SENAI V\u00e2nia\" width=\"90\" height=\"90\" \/><span class=\"su-custom-gallery-title\">Tradu\u00e7\u00e3o em Libras em eventos SENAI V\u00e2nia<\/span><\/a><\/div><div class=\"su-custom-gallery-slide\" style=\"width:90px;height:90px\"><a href=\"https:\/\/www.vaniaconsultoria.com.br\/site\/wp-content\/uploads\/2017\/02\/Tradu\u00e7\u00e3o-em-Libras-em-eventos-Posse-Prefeito-Cachoeirinha-1.jpg\" title=\"Tradu\u00e7\u00e3o em Libras em eventos Posse Prefeito Cachoeirinha\"><img loading=\"lazy\" decoding=\"async\" src=\"https:\/\/www.vaniaconsultoria.com.br\/site\/wp-content\/uploads\/2017\/02\/Tradu\u00e7\u00e3o-em-Libras-em-eventos-Posse-Prefeito-Cachoeirinha-1-90x90.jpg\" alt=\"Tradu\u00e7\u00e3o em Libras em eventos Posse Prefeito Cachoeirinha\" width=\"90\" height=\"90\" \/><span class=\"su-custom-gallery-title\">Tradu\u00e7\u00e3o em Libras em eventos Posse Prefeito Cachoeirinha<\/span><\/a><\/div><div class=\"su-custom-gallery-slide\" style=\"width:90px;height:90px\"><a href=\"https:\/\/www.vaniaconsultoria.com.br\/site\/wp-content\/uploads\/2017\/02\/Tradu\u00e7\u00e3o-em-Libras-JBS.jpg\" title=\"Tradu\u00e7\u00e3o em Libras JBS\"><img loading=\"lazy\" decoding=\"async\" src=\"https:\/\/www.vaniaconsultoria.com.br\/site\/wp-content\/uploads\/2017\/02\/Tradu\u00e7\u00e3o-em-Libras-JBS-90x90.jpg\" alt=\"Tradu\u00e7\u00e3o em Libras JBS\" width=\"90\" height=\"90\" \/><span class=\"su-custom-gallery-title\">Tradu\u00e7\u00e3o em Libras JBS<\/span><\/a><\/div><div class=\"su-custom-gallery-slide\" style=\"width:90px;height:90px\"><a href=\"https:\/\/www.vaniaconsultoria.com.br\/site\/wp-content\/uploads\/2017\/02\/Tradu\u00e7\u00e3o-em-Libras-Eventos-DSC04844.jpg\" title=\"Tradu\u00e7\u00e3o em Libras Eventos DSC04844\"><img loading=\"lazy\" decoding=\"async\" src=\"https:\/\/www.vaniaconsultoria.com.br\/site\/wp-content\/uploads\/2017\/02\/Tradu\u00e7\u00e3o-em-Libras-Eventos-DSC04844-90x90.jpg\" alt=\"Tradu\u00e7\u00e3o em Libras Eventos DSC04844\" width=\"90\" height=\"90\" \/><span class=\"su-custom-gallery-title\">Tradu\u00e7\u00e3o em Libras Eventos DSC04844<\/span><\/a><\/div><div class=\"su-custom-gallery-slide\" style=\"width:90px;height:90px\"><a href=\"https:\/\/www.vaniaconsultoria.com.br\/site\/wp-content\/uploads\/2017\/02\/Tradu\u00e7\u00e3o-em-Libras-en-eventos-C\u00e2mara-Cachoeirinha-15-20.png\" title=\"Tradu\u00e7\u00e3o em Libras en eventos C\u00e2mara Cachoeirinha 15-20)\"><img loading=\"lazy\" decoding=\"async\" src=\"https:\/\/www.vaniaconsultoria.com.br\/site\/wp-content\/uploads\/2017\/02\/Tradu\u00e7\u00e3o-em-Libras-en-eventos-C\u00e2mara-Cachoeirinha-15-20-90x90.png\" alt=\"Tradu\u00e7\u00e3o em Libras en eventos C\u00e2mara Cachoeirinha 15-20)\" width=\"90\" height=\"90\" \/><span class=\"su-custom-gallery-title\">Tradu\u00e7\u00e3o em Libras en eventos C\u00e2mara Cachoeirinha 15-20)<\/span><\/a><\/div><div class=\"su-custom-gallery-slide\" style=\"width:90px;height:90px\"><a href=\"https:\/\/www.vaniaconsultoria.com.br\/site\/wp-content\/uploads\/2017\/02\/Tradu\u00e7\u00e3o-em-Libras-em-eventos-SENAI-V\u00e2nia.jpg\" title=\"Tradu\u00e7\u00e3o em Libras em eventos SENAI V\u00e2nia\"><img loading=\"lazy\" decoding=\"async\" src=\"https:\/\/www.vaniaconsultoria.com.br\/site\/wp-content\/uploads\/2017\/02\/Tradu\u00e7\u00e3o-em-Libras-em-eventos-SENAI-V\u00e2nia-90x90.jpg\" alt=\"Tradu\u00e7\u00e3o em Libras em eventos SENAI V\u00e2nia\" width=\"90\" height=\"90\" \/><span class=\"su-custom-gallery-title\">Tradu\u00e7\u00e3o em Libras em eventos SENAI V\u00e2nia<\/span><\/a><\/div><div class=\"su-custom-gallery-slide\" style=\"width:90px;height:90px\"><a href=\"https:\/\/www.vaniaconsultoria.com.br\/site\/wp-content\/uploads\/2017\/02\/Tradu\u00e7\u00e3o-em-Libras-em-eventos-Posse-Prefeito-Cachoeirinha.jpg\" title=\"Tradu\u00e7\u00e3o em Libras em eventos Posse Prefeito Cachoeirinha\"><img loading=\"lazy\" decoding=\"async\" src=\"https:\/\/www.vaniaconsultoria.com.br\/site\/wp-content\/uploads\/2017\/02\/Tradu\u00e7\u00e3o-em-Libras-em-eventos-Posse-Prefeito-Cachoeirinha-90x90.jpg\" alt=\"Tradu\u00e7\u00e3o em Libras em eventos Posse Prefeito Cachoeirinha\" width=\"90\" height=\"90\" \/><span class=\"su-custom-gallery-title\">Tradu\u00e7\u00e3o em Libras em eventos Posse Prefeito Cachoeirinha<\/span><\/a><\/div><div class=\"su-custom-gallery-slide\" style=\"width:90px;height:90px\"><a href=\"https:\/\/www.vaniaconsultoria.com.br\/site\/wp-content\/uploads\/2017\/02\/Tradu\u00e7\u00e3o-em-Libras-em-evento-4.jpg\" title=\"Tradu\u00e7\u00e3o em Libras em evento 4\"><img loading=\"lazy\" decoding=\"async\" src=\"https:\/\/www.vaniaconsultoria.com.br\/site\/wp-content\/uploads\/2017\/02\/Tradu\u00e7\u00e3o-em-Libras-em-evento-4-90x90.jpg\" alt=\"Tradu\u00e7\u00e3o em Libras em evento 4\" width=\"90\" height=\"90\" \/><span class=\"su-custom-gallery-title\">Tradu\u00e7\u00e3o em Libras em evento 4<\/span><\/a><\/div><div class=\"su-custom-gallery-slide\" style=\"width:90px;height:90px\"><a href=\"https:\/\/www.vaniaconsultoria.com.br\/site\/wp-content\/uploads\/2017\/02\/Tradu\u00e7\u00e3o-e-interpreta\u00e7\u00e3o-Sec.-da-Sa\u00fade-0.jpg\" title=\"Tradu\u00e7\u00e3o e interpreta\u00e7\u00e3o Sec. da Sa\u00fade 0\"><img loading=\"lazy\" decoding=\"async\" src=\"https:\/\/www.vaniaconsultoria.com.br\/site\/wp-content\/uploads\/2017\/02\/Tradu\u00e7\u00e3o-e-interpreta\u00e7\u00e3o-Sec.-da-Sa\u00fade-0-90x90.jpg\" alt=\"Tradu\u00e7\u00e3o e interpreta\u00e7\u00e3o Sec. da Sa\u00fade 0\" width=\"90\" height=\"90\" \/><span class=\"su-custom-gallery-title\">Tradu\u00e7\u00e3o e interpreta\u00e7\u00e3o Sec. da Sa\u00fade 0<\/span><\/a><\/div><div class=\"su-custom-gallery-slide\" style=\"width:90px;height:90px\"><a href=\"https:\/\/www.vaniaconsultoria.com.br\/site\/wp-content\/uploads\/2017\/02\/Tradu\u00e7\u00e3o-e-interpreta\u00e7\u00e3o-Festa-da-Uva-Caxias.jpg\" title=\"Tradu\u00e7\u00e3o e interpreta\u00e7\u00e3o Festa da Uva Caxias\"><img loading=\"lazy\" decoding=\"async\" src=\"https:\/\/www.vaniaconsultoria.com.br\/site\/wp-content\/uploads\/2017\/02\/Tradu\u00e7\u00e3o-e-interpreta\u00e7\u00e3o-Festa-da-Uva-Caxias-90x90.jpg\" alt=\"Tradu\u00e7\u00e3o e interpreta\u00e7\u00e3o Festa da Uva Caxias\" width=\"90\" height=\"90\" \/><span class=\"su-custom-gallery-title\">Tradu\u00e7\u00e3o e interpreta\u00e7\u00e3o Festa da Uva Caxias<\/span><\/a><\/div><div class=\"su-custom-gallery-slide\" style=\"width:90px;height:90px\"><a href=\"https:\/\/www.vaniaconsultoria.com.br\/site\/wp-content\/uploads\/2017\/02\/Tradu\u00e7\u00e3o-e-interpreta\u00e7\u00e3o-em-Libras-V\u00e2nia-image_1.jpg\" title=\"Tradu\u00e7\u00e3o e interpreta\u00e7\u00e3o em Libras V\u00e2nia image_1\"><img loading=\"lazy\" decoding=\"async\" src=\"https:\/\/www.vaniaconsultoria.com.br\/site\/wp-content\/uploads\/2017\/02\/Tradu\u00e7\u00e3o-e-interpreta\u00e7\u00e3o-em-Libras-V\u00e2nia-image_1-90x90.jpg\" alt=\"Tradu\u00e7\u00e3o e interpreta\u00e7\u00e3o em Libras V\u00e2nia image_1\" width=\"90\" height=\"90\" \/><span class=\"su-custom-gallery-title\">Tradu\u00e7\u00e3o e interpreta\u00e7\u00e3o em Libras V\u00e2nia image_1<\/span><\/a><\/div><div class=\"su-custom-gallery-slide\" style=\"width:90px;height:90px\"><a href=\"https:\/\/www.vaniaconsultoria.com.br\/site\/wp-content\/uploads\/2017\/02\/Forma\u00e7\u00e3o-in-Company-de-Professores-AEE-Cruz-Alta-1.jpg\" title=\"Forma\u00e7\u00e3o in Company de Professores AEE Cruz Alta\"><img loading=\"lazy\" decoding=\"async\" src=\"https:\/\/www.vaniaconsultoria.com.br\/site\/wp-content\/uploads\/2017\/02\/Forma\u00e7\u00e3o-in-Company-de-Professores-AEE-Cruz-Alta-1-90x90.jpg\" alt=\"Forma\u00e7\u00e3o in Company de Professores AEE Cruz Alta\" width=\"90\" height=\"90\" \/><span class=\"su-custom-gallery-title\">Forma\u00e7\u00e3o in Company de Professores AEE Cruz Alta<\/span><\/a><\/div><div class=\"su-custom-gallery-slide\" style=\"width:90px;height:90px\"><a href=\"https:\/\/www.vaniaconsultoria.com.br\/site\/wp-content\/uploads\/2017\/02\/Forma\u00e7\u00e3o-em-Surdocegueira-Rio-de-Janeiro-1.jpg\" title=\"Forma\u00e7\u00e3o em Surdocegueira Rio de Janeiro\"><img loading=\"lazy\" decoding=\"async\" src=\"https:\/\/www.vaniaconsultoria.com.br\/site\/wp-content\/uploads\/2017\/02\/Forma\u00e7\u00e3o-em-Surdocegueira-Rio-de-Janeiro-1-90x90.jpg\" alt=\"Forma\u00e7\u00e3o em Surdocegueira Rio de Janeiro\" width=\"90\" height=\"90\" \/><span class=\"su-custom-gallery-title\">Forma\u00e7\u00e3o em Surdocegueira Rio de Janeiro<\/span><\/a><\/div><div class=\"su-custom-gallery-slide\" style=\"width:90px;height:90px\"><a href=\"https:\/\/www.vaniaconsultoria.com.br\/site\/wp-content\/uploads\/2017\/02\/Forma\u00e7\u00e3o-em-surdocegueira-ONG-1.jpg\" title=\"Forma\u00e7\u00e3o em surdocegueira ONG\"><img loading=\"lazy\" decoding=\"async\" src=\"https:\/\/www.vaniaconsultoria.com.br\/site\/wp-content\/uploads\/2017\/02\/Forma\u00e7\u00e3o-em-surdocegueira-ONG-1-90x90.jpg\" alt=\"Forma\u00e7\u00e3o em surdocegueira ONG\" width=\"90\" height=\"90\" \/><span class=\"su-custom-gallery-title\">Forma\u00e7\u00e3o em surdocegueira ONG<\/span><\/a><\/div><div class=\"su-custom-gallery-slide\" style=\"width:90px;height:90px\"><a href=\"https:\/\/www.vaniaconsultoria.com.br\/site\/wp-content\/uploads\/2017\/02\/Forma\u00e7\u00e3o-em-Libras-PM-Cachoeirinha-1.jpg\" title=\"Forma\u00e7\u00e3o em Libras PM Cachoeirinha\"><img loading=\"lazy\" decoding=\"async\" src=\"https:\/\/www.vaniaconsultoria.com.br\/site\/wp-content\/uploads\/2017\/02\/Forma\u00e7\u00e3o-em-Libras-PM-Cachoeirinha-1-90x90.jpg\" alt=\"Forma\u00e7\u00e3o em Libras PM Cachoeirinha\" width=\"90\" height=\"90\" \/><span class=\"su-custom-gallery-title\">Forma\u00e7\u00e3o em Libras PM Cachoeirinha<\/span><\/a><\/div><div class=\"su-custom-gallery-slide\" style=\"width:90px;height:90px\"><a href=\"https:\/\/www.vaniaconsultoria.com.br\/site\/wp-content\/uploads\/2017\/02\/Forma\u00e7\u00e3o-de-Professores-Un\u00edntese-1.jpg\" title=\"Forma\u00e7\u00e3o de Professores Un\u00edntese\"><img loading=\"lazy\" decoding=\"async\" src=\"https:\/\/www.vaniaconsultoria.com.br\/site\/wp-content\/uploads\/2017\/02\/Forma\u00e7\u00e3o-de-Professores-Un\u00edntese-1-90x90.jpg\" alt=\"Forma\u00e7\u00e3o de Professores Un\u00edntese\" width=\"90\" height=\"90\" \/><span class=\"su-custom-gallery-title\">Forma\u00e7\u00e3o de Professores Un\u00edntese<\/span><\/a><\/div><div class=\"su-custom-gallery-slide\" style=\"width:90px;height:90px\"><a href=\"https:\/\/www.vaniaconsultoria.com.br\/site\/wp-content\/uploads\/2017\/02\/Forma\u00e7\u00e3o-de-Prodessores-em-lingu\u00edstica-Un\u00edntese-LIBRAS-1.jpg\" title=\"Forma\u00e7\u00e3o de Prodessores em lingu\u00edstica Un\u00edntese LIBRAS\"><img loading=\"lazy\" decoding=\"async\" src=\"https:\/\/www.vaniaconsultoria.com.br\/site\/wp-content\/uploads\/2017\/02\/Forma\u00e7\u00e3o-de-Prodessores-em-lingu\u00edstica-Un\u00edntese-LIBRAS-1-90x90.jpg\" alt=\"Forma\u00e7\u00e3o de Prodessores em lingu\u00edstica Un\u00edntese LIBRAS\" width=\"90\" height=\"90\" \/><span class=\"su-custom-gallery-title\">Forma\u00e7\u00e3o de Prodessores em lingu\u00edstica Un\u00edntese LIBRAS<\/span><\/a><\/div><div class=\"su-custom-gallery-slide\" style=\"width:90px;height:90px\"><a href=\"https:\/\/www.vaniaconsultoria.com.br\/site\/wp-content\/uploads\/2017\/02\/Eventos-Conselho-das-Pessoas-c-Defici\u00eancia-Cachoeirinha-1.jpg\" title=\"Eventos Conselho das Pessoas c Defici\u00eancia Cachoeirinha\"><img loading=\"lazy\" decoding=\"async\" src=\"https:\/\/www.vaniaconsultoria.com.br\/site\/wp-content\/uploads\/2017\/02\/Eventos-Conselho-das-Pessoas-c-Defici\u00eancia-Cachoeirinha-1-90x90.jpg\" alt=\"Eventos Conselho das Pessoas c Defici\u00eancia Cachoeirinha\" width=\"90\" height=\"90\" \/><span class=\"su-custom-gallery-title\">Eventos Conselho das Pessoas c Defici\u00eancia Cachoeirinha<\/span><\/a><\/div><div class=\"su-custom-gallery-slide\" style=\"width:90px;height:90px\"><a href=\"https:\/\/www.vaniaconsultoria.com.br\/site\/wp-content\/uploads\/2017\/02\/Equipe-de-Int\u00e9rpretes-e-Guias-Int\u00e9rpretes-Aracaju-SE-1.jpg\" title=\"Equipe de Int\u00e9rpretes e Guias Int\u00e9rpretes Aracaju SE\"><img loading=\"lazy\" decoding=\"async\" src=\"https:\/\/www.vaniaconsultoria.com.br\/site\/wp-content\/uploads\/2017\/02\/Equipe-de-Int\u00e9rpretes-e-Guias-Int\u00e9rpretes-Aracaju-SE-1-90x90.jpg\" alt=\"Equipe de Int\u00e9rpretes e Guias Int\u00e9rpretes Aracaju SE\" width=\"90\" height=\"90\" \/><span class=\"su-custom-gallery-title\">Equipe de Int\u00e9rpretes e Guias Int\u00e9rpretes Aracaju SE<\/span><\/a><\/div><div class=\"su-custom-gallery-slide\" style=\"width:90px;height:90px\"><a href=\"https:\/\/www.vaniaconsultoria.com.br\/site\/wp-content\/uploads\/2017\/02\/Debate-com-Surdos-Cachoeirinha-1.jpg\" title=\"Debate com Surdos Cachoeirinha\"><img loading=\"lazy\" decoding=\"async\" src=\"https:\/\/www.vaniaconsultoria.com.br\/site\/wp-content\/uploads\/2017\/02\/Debate-com-Surdos-Cachoeirinha-1-90x90.jpg\" alt=\"Debate com Surdos Cachoeirinha\" width=\"90\" height=\"90\" \/><span class=\"su-custom-gallery-title\">Debate com Surdos Cachoeirinha<\/span><\/a><\/div><div class=\"su-custom-gallery-slide\" style=\"width:90px;height:90px\"><a href=\"https:\/\/www.vaniaconsultoria.com.br\/site\/wp-content\/uploads\/2017\/02\/Forma\u00e7\u00e3o-in-Company-de-Professores-AEE-Cruz-Alta.jpg\" title=\"Forma\u00e7\u00e3o in Company de Professores AEE Cruz Alta\"><img loading=\"lazy\" decoding=\"async\" src=\"https:\/\/www.vaniaconsultoria.com.br\/site\/wp-content\/uploads\/2017\/02\/Forma\u00e7\u00e3o-in-Company-de-Professores-AEE-Cruz-Alta-90x90.jpg\" alt=\"Forma\u00e7\u00e3o in Company de Professores AEE Cruz Alta\" width=\"90\" height=\"90\" \/><span class=\"su-custom-gallery-title\">Forma\u00e7\u00e3o in Company de Professores AEE Cruz Alta<\/span><\/a><\/div><div class=\"su-custom-gallery-slide\" style=\"width:90px;height:90px\"><a href=\"https:\/\/www.vaniaconsultoria.com.br\/site\/wp-content\/uploads\/2017\/02\/Forma\u00e7\u00e3o-em-Surdocegueira-Rio-de-Janeiro.jpg\" title=\"Forma\u00e7\u00e3o em Surdocegueira Rio de Janeiro\"><img loading=\"lazy\" decoding=\"async\" src=\"https:\/\/www.vaniaconsultoria.com.br\/site\/wp-content\/uploads\/2017\/02\/Forma\u00e7\u00e3o-em-Surdocegueira-Rio-de-Janeiro-90x90.jpg\" alt=\"Forma\u00e7\u00e3o em Surdocegueira Rio de Janeiro\" width=\"90\" height=\"90\" \/><span class=\"su-custom-gallery-title\">Forma\u00e7\u00e3o em Surdocegueira Rio de Janeiro<\/span><\/a><\/div><div class=\"su-custom-gallery-slide\" style=\"width:90px;height:90px\"><a href=\"https:\/\/www.vaniaconsultoria.com.br\/site\/wp-content\/uploads\/2017\/02\/Forma\u00e7\u00e3o-em-surdocegueira-ONG.jpg\" title=\"Forma\u00e7\u00e3o em surdocegueira ONG\"><img loading=\"lazy\" decoding=\"async\" src=\"https:\/\/www.vaniaconsultoria.com.br\/site\/wp-content\/uploads\/2017\/02\/Forma\u00e7\u00e3o-em-surdocegueira-ONG-90x90.jpg\" alt=\"Forma\u00e7\u00e3o em surdocegueira ONG\" width=\"90\" height=\"90\" \/><span class=\"su-custom-gallery-title\">Forma\u00e7\u00e3o em surdocegueira ONG<\/span><\/a><\/div><div class=\"su-custom-gallery-slide\" style=\"width:90px;height:90px\"><a href=\"https:\/\/www.vaniaconsultoria.com.br\/site\/wp-content\/uploads\/2017\/02\/Forma\u00e7\u00e3o-em-Libras-PM-Cachoeirinha.jpg\" title=\"Forma\u00e7\u00e3o em Libras PM Cachoeirinha\"><img loading=\"lazy\" decoding=\"async\" src=\"https:\/\/www.vaniaconsultoria.com.br\/site\/wp-content\/uploads\/2017\/02\/Forma\u00e7\u00e3o-em-Libras-PM-Cachoeirinha-90x90.jpg\" alt=\"Forma\u00e7\u00e3o em Libras PM Cachoeirinha\" width=\"90\" height=\"90\" \/><span class=\"su-custom-gallery-title\">Forma\u00e7\u00e3o em Libras PM Cachoeirinha<\/span><\/a><\/div><div class=\"su-custom-gallery-slide\" style=\"width:90px;height:90px\"><a href=\"https:\/\/www.vaniaconsultoria.com.br\/site\/wp-content\/uploads\/2017\/02\/Forma\u00e7\u00e3o-de-Professores-Un\u00edntese.jpg\" title=\"Forma\u00e7\u00e3o de Professores Un\u00edntese\"><img loading=\"lazy\" decoding=\"async\" src=\"https:\/\/www.vaniaconsultoria.com.br\/site\/wp-content\/uploads\/2017\/02\/Forma\u00e7\u00e3o-de-Professores-Un\u00edntese-90x90.jpg\" alt=\"Forma\u00e7\u00e3o de Professores Un\u00edntese\" width=\"90\" height=\"90\" \/><span class=\"su-custom-gallery-title\">Forma\u00e7\u00e3o de Professores Un\u00edntese<\/span><\/a><\/div><div class=\"su-custom-gallery-slide\" style=\"width:90px;height:90px\"><a href=\"https:\/\/www.vaniaconsultoria.com.br\/site\/wp-content\/uploads\/2017\/02\/Forma\u00e7\u00e3o-de-Prodessores-em-lingu\u00edstica-Un\u00edntese-LIBRAS.jpg\" title=\"Forma\u00e7\u00e3o de Prodessores em lingu\u00edstica Un\u00edntese LIBRAS\"><img loading=\"lazy\" decoding=\"async\" src=\"https:\/\/www.vaniaconsultoria.com.br\/site\/wp-content\/uploads\/2017\/02\/Forma\u00e7\u00e3o-de-Prodessores-em-lingu\u00edstica-Un\u00edntese-LIBRAS-90x90.jpg\" alt=\"Forma\u00e7\u00e3o de Prodessores em lingu\u00edstica Un\u00edntese LIBRAS\" width=\"90\" height=\"90\" \/><span class=\"su-custom-gallery-title\">Forma\u00e7\u00e3o de Prodessores em lingu\u00edstica Un\u00edntese LIBRAS<\/span><\/a><\/div><div class=\"su-custom-gallery-slide\" style=\"width:90px;height:90px\"><a href=\"https:\/\/www.vaniaconsultoria.com.br\/site\/wp-content\/uploads\/2017\/02\/Eventos-Conselho-das-Pessoas-c-Defici\u00eancia-Cachoeirinha.jpg\" title=\"Eventos Conselho das Pessoas c Defici\u00eancia Cachoeirinha\"><img loading=\"lazy\" decoding=\"async\" src=\"https:\/\/www.vaniaconsultoria.com.br\/site\/wp-content\/uploads\/2017\/02\/Eventos-Conselho-das-Pessoas-c-Defici\u00eancia-Cachoeirinha-90x90.jpg\" alt=\"Eventos Conselho das Pessoas c Defici\u00eancia Cachoeirinha\" width=\"90\" height=\"90\" \/><span class=\"su-custom-gallery-title\">Eventos Conselho das Pessoas c Defici\u00eancia Cachoeirinha<\/span><\/a><\/div><div class=\"su-custom-gallery-slide\" style=\"width:90px;height:90px\"><a href=\"https:\/\/www.vaniaconsultoria.com.br\/site\/wp-content\/uploads\/2017\/02\/Equipe-de-Int\u00e9rpretes-e-Guias-Int\u00e9rpretes-Aracaju-SE.jpg\" title=\"Equipe de Int\u00e9rpretes e Guias Int\u00e9rpretes Aracaju SE\"><img loading=\"lazy\" decoding=\"async\" src=\"https:\/\/www.vaniaconsultoria.com.br\/site\/wp-content\/uploads\/2017\/02\/Equipe-de-Int\u00e9rpretes-e-Guias-Int\u00e9rpretes-Aracaju-SE-90x90.jpg\" alt=\"Equipe de Int\u00e9rpretes e Guias Int\u00e9rpretes Aracaju SE\" width=\"90\" height=\"90\" \/><span class=\"su-custom-gallery-title\">Equipe de Int\u00e9rpretes e Guias Int\u00e9rpretes Aracaju SE<\/span><\/a><\/div><div class=\"su-custom-gallery-slide\" style=\"width:90px;height:90px\"><a href=\"https:\/\/www.vaniaconsultoria.com.br\/site\/wp-content\/uploads\/2017\/02\/Debate-com-Surdos-Cachoeirinha.jpg\" title=\"Debate com Surdos Cachoeirinha\"><img loading=\"lazy\" decoding=\"async\" src=\"https:\/\/www.vaniaconsultoria.com.br\/site\/wp-content\/uploads\/2017\/02\/Debate-com-Surdos-Cachoeirinha-90x90.jpg\" alt=\"Debate com Surdos Cachoeirinha\" width=\"90\" height=\"90\" \/><span class=\"su-custom-gallery-title\">Debate com Surdos Cachoeirinha<\/span><\/a><\/div><div class=\"su-custom-gallery-slide\" style=\"width:90px;height:90px\"><a href=\"https:\/\/www.vaniaconsultoria.com.br\/site\/wp-content\/uploads\/2017\/02\/SESI-Inclusivo-Apoio.jpg\" title=\"SESI Inclusivo-Apoio\"><img loading=\"lazy\" decoding=\"async\" src=\"https:\/\/www.vaniaconsultoria.com.br\/site\/wp-content\/uploads\/2017\/02\/SESI-Inclusivo-Apoio-90x90.jpg\" alt=\"SESI Inclusivo-Apoio\" width=\"90\" height=\"90\" \/><span class=\"su-custom-gallery-title\">SESI Inclusivo-Apoio<\/span><\/a><\/div><div class=\"su-custom-gallery-slide\" style=\"width:90px;height:90px\"><a href=\"https:\/\/www.vaniaconsultoria.com.br\/site\/wp-content\/uploads\/2017\/02\/Reuni\u00f5es-com-surdos-Cachoeirinha.jpg\" title=\"Reuni\u00f5es com surdos Cachoeirinha\"><img loading=\"lazy\" decoding=\"async\" src=\"https:\/\/www.vaniaconsultoria.com.br\/site\/wp-content\/uploads\/2017\/02\/Reuni\u00f5es-com-surdos-Cachoeirinha-90x90.jpg\" alt=\"Reuni\u00f5es com surdos Cachoeirinha\" width=\"90\" height=\"90\" \/><span class=\"su-custom-gallery-title\">Reuni\u00f5es com surdos Cachoeirinha<\/span><\/a><\/div><div class=\"su-custom-gallery-slide\" style=\"width:90px;height:90px\"><a href=\"https:\/\/www.vaniaconsultoria.com.br\/site\/wp-content\/uploads\/2017\/02\/Palestra-para-surdos-C\u00e2mara-Mun.-Cachoeirinha.jpg\" title=\"Palestra para surdos C\u00e2mara Mun. Cachoeirinha\"><img loading=\"lazy\" decoding=\"async\" src=\"https:\/\/www.vaniaconsultoria.com.br\/site\/wp-content\/uploads\/2017\/02\/Palestra-para-surdos-C\u00e2mara-Mun.-Cachoeirinha-90x90.jpg\" alt=\"Palestra para surdos C\u00e2mara Mun. Cachoeirinha\" width=\"90\" height=\"90\" \/><span class=\"su-custom-gallery-title\">Palestra para surdos C\u00e2mara Mun. Cachoeirinha<\/span><\/a><\/div><div class=\"su-custom-gallery-slide\" style=\"width:90px;height:90px\"><a href=\"https:\/\/www.vaniaconsultoria.com.br\/site\/wp-content\/uploads\/2017\/02\/Imagem1.png\" title=\"Imagem1\"><img loading=\"lazy\" decoding=\"async\" src=\"https:\/\/www.vaniaconsultoria.com.br\/site\/wp-content\/uploads\/2017\/02\/Imagem1-90x90.png\" alt=\"Imagem1\" width=\"90\" height=\"90\" \/><span class=\"su-custom-gallery-title\">Imagem1<\/span><\/a><\/div><div class=\"su-custom-gallery-slide\" style=\"width:90px;height:90px\"><a href=\"https:\/\/www.vaniaconsultoria.com.br\/site\/wp-content\/uploads\/2017\/02\/Forma\u00e7\u00e3o-in-Company-de-Prtofessores-Unipampa-Dom-Pedrito.jpg\" title=\"Forma\u00e7\u00e3o in Company de Prtofessores Unipampa Dom Pedrito\"><img loading=\"lazy\" decoding=\"async\" src=\"https:\/\/www.vaniaconsultoria.com.br\/site\/wp-content\/uploads\/2017\/02\/Forma\u00e7\u00e3o-in-Company-de-Prtofessores-Unipampa-Dom-Pedrito-90x90.jpg\" alt=\"Forma\u00e7\u00e3o in Company de Prtofessores Unipampa Dom Pedrito\" width=\"90\" height=\"90\" \/><span class=\"su-custom-gallery-title\">Forma\u00e7\u00e3o in Company de Prtofessores Unipampa Dom Pedrito<\/span><\/a><\/div><div class=\"su-custom-gallery-slide\" style=\"width:90px;height:90px\"><a href=\"https:\/\/www.vaniaconsultoria.com.br\/site\/wp-content\/uploads\/2017\/02\/Forma\u00e7\u00e3o-in-Company-de-Professores-Unipampa-S\u00e3o-Borja.jpg\" title=\"Forma\u00e7\u00e3o in Company de Professores Unipampa S\u00e3o Borja\"><img loading=\"lazy\" decoding=\"async\" src=\"https:\/\/www.vaniaconsultoria.com.br\/site\/wp-content\/uploads\/2017\/02\/Forma\u00e7\u00e3o-in-Company-de-Professores-Unipampa-S\u00e3o-Borja-90x90.jpg\" alt=\"Forma\u00e7\u00e3o in Company de Professores Unipampa S\u00e3o Borja\" width=\"90\" height=\"90\" \/><span class=\"su-custom-gallery-title\">Forma\u00e7\u00e3o in Company de Professores Unipampa S\u00e3o Borja<\/span><\/a><\/div><div class=\"su-custom-gallery-slide\" style=\"width:90px;height:90px\"><a href=\"https:\/\/www.vaniaconsultoria.com.br\/site\/wp-content\/uploads\/2017\/02\/Forma\u00e7\u00e3o-in-Company-de-Professores-AEE-Gravata\u00ed.jpg\" title=\"Forma\u00e7\u00e3o in Company de Professores AEE Gravata\u00ed\"><img loading=\"lazy\" decoding=\"async\" src=\"https:\/\/www.vaniaconsultoria.com.br\/site\/wp-content\/uploads\/2017\/02\/Forma\u00e7\u00e3o-in-Company-de-Professores-AEE-Gravata\u00ed-90x90.jpg\" alt=\"Forma\u00e7\u00e3o in Company de Professores AEE Gravata\u00ed\" width=\"90\" height=\"90\" \/><span class=\"su-custom-gallery-title\">Forma\u00e7\u00e3o in Company de Professores AEE Gravata\u00ed<\/span><\/a><\/div><div class=\"su-custom-gallery-slide\" style=\"width:90px;height:90px\"><a href=\"https:\/\/www.vaniaconsultoria.com.br\/site\/wp-content\/uploads\/2017\/02\/Consultoria-Empresarial-Tradu\u00e7\u00e3o-e-interpreta\u00e7\u00e3o-em-Libras-1.jpg\" title=\"Consultoria Empresarial-Tradu\u00e7\u00e3o e interpreta\u00e7\u00e3o em Libras\"><img loading=\"lazy\" decoding=\"async\" src=\"https:\/\/www.vaniaconsultoria.com.br\/site\/wp-content\/uploads\/2017\/02\/Consultoria-Empresarial-Tradu\u00e7\u00e3o-e-interpreta\u00e7\u00e3o-em-Libras-1-90x90.jpg\" alt=\"Consultoria Empresarial-Tradu\u00e7\u00e3o e interpreta\u00e7\u00e3o em Libras\" width=\"90\" height=\"90\" \/><span class=\"su-custom-gallery-title\">Consultoria Empresarial-Tradu\u00e7\u00e3o e interpreta\u00e7\u00e3o em Libras<\/span><\/a><\/div><div class=\"su-custom-gallery-slide\" style=\"width:90px;height:90px\"><a href=\"https:\/\/www.vaniaconsultoria.com.br\/site\/wp-content\/uploads\/2017\/02\/Consultoria-Empresarial-Tradu\u00e7\u00e3o-e-Interpreta\u00e7\u00e3o-em-eventos-PUC-1.jpg\" title=\"Consultoria Empresarial Tradu\u00e7\u00e3o e Interpreta\u00e7\u00e3o em eventos PUC\"><img loading=\"lazy\" decoding=\"async\" src=\"https:\/\/www.vaniaconsultoria.com.br\/site\/wp-content\/uploads\/2017\/02\/Consultoria-Empresarial-Tradu\u00e7\u00e3o-e-Interpreta\u00e7\u00e3o-em-eventos-PUC-1-90x90.jpg\" alt=\"Consultoria Empresarial Tradu\u00e7\u00e3o e Interpreta\u00e7\u00e3o em eventos PUC\" width=\"90\" height=\"90\" \/><span class=\"su-custom-gallery-title\">Consultoria Empresarial Tradu\u00e7\u00e3o e Interpreta\u00e7\u00e3o em eventos PUC<\/span><\/a><\/div><div class=\"su-custom-gallery-slide\" style=\"width:90px;height:90px\"><a href=\"https:\/\/www.vaniaconsultoria.com.br\/site\/wp-content\/uploads\/2017\/02\/Consultoria-empresarial-Entrevista-e-Recrutamento-se-surdos-BL-1.jpg\" title=\"Consultoria empresarial Entrevista e Recrutamento se surdos BL\"><img loading=\"lazy\" decoding=\"async\" src=\"https:\/\/www.vaniaconsultoria.com.br\/site\/wp-content\/uploads\/2017\/02\/Consultoria-empresarial-Entrevista-e-Recrutamento-se-surdos-BL-1-90x90.jpg\" alt=\"Consultoria empresarial Entrevista e Recrutamento se surdos BL\" width=\"90\" height=\"90\" \/><span class=\"su-custom-gallery-title\">Consultoria empresarial Entrevista e Recrutamento se surdos BL<\/span><\/a><\/div><div class=\"su-custom-gallery-slide\" style=\"width:90px;height:90px\"><a href=\"https:\/\/www.vaniaconsultoria.com.br\/site\/wp-content\/uploads\/2017\/02\/Consultoria-empresarial-Entrevista-e-Recrutamento-de-surdos-Elo-1.jpg\" title=\"Consultoria empresarial Entrevista e Recrutamento de surdos Elo\"><img loading=\"lazy\" decoding=\"async\" src=\"https:\/\/www.vaniaconsultoria.com.br\/site\/wp-content\/uploads\/2017\/02\/Consultoria-empresarial-Entrevista-e-Recrutamento-de-surdos-Elo-1-90x90.jpg\" alt=\"Consultoria empresarial Entrevista e Recrutamento de surdos Elo\" width=\"90\" height=\"90\" \/><span class=\"su-custom-gallery-title\">Consultoria empresarial Entrevista e Recrutamento de surdos Elo<\/span><\/a><\/div><div class=\"su-custom-gallery-slide\" style=\"width:90px;height:90px\"><a href=\"https:\/\/www.vaniaconsultoria.com.br\/site\/wp-content\/uploads\/2017\/02\/Consultoria-Empresarial-Apoio-em-eventos-Minist\u00e9rio-P\u00fablico-DSC05546-1.jpg\" title=\"Consultoria Empresarial Apoio em eventos Minist\u00e9rio P\u00fablico DSC05546\"><img loading=\"lazy\" decoding=\"async\" src=\"https:\/\/www.vaniaconsultoria.com.br\/site\/wp-content\/uploads\/2017\/02\/Consultoria-Empresarial-Apoio-em-eventos-Minist\u00e9rio-P\u00fablico-DSC05546-1-90x90.jpg\" alt=\"Consultoria Empresarial Apoio em eventos Minist\u00e9rio P\u00fablico DSC05546\" width=\"90\" height=\"90\" \/><span class=\"su-custom-gallery-title\">Consultoria Empresarial Apoio em eventos Minist\u00e9rio P\u00fablico DSC05546<\/span><\/a><\/div><div class=\"su-clear\"><\/div><\/div>\n<div class=\"su-custom-gallery su-custom-gallery-align-left su-custom-gallery-title-never su-lightbox-gallery\"><div class=\"su-custom-gallery-slide\" style=\"width:90px;height:90px\"><a href=\"https:\/\/www.vaniaconsultoria.com.br\/site\/wp-content\/uploads\/2017\/02\/Consultoria-empresarial-Apoio-em-eventos-Minist\u00e9rio-P\u00fablico-DSC05539.jpg\" title=\"Consultoria empresarial Apoio em eventos Minist\u00e9rio P\u00fablico DSC05539\"><img loading=\"lazy\" decoding=\"async\" src=\"https:\/\/www.vaniaconsultoria.com.br\/site\/wp-content\/uploads\/2017\/02\/Consultoria-empresarial-Apoio-em-eventos-Minist\u00e9rio-P\u00fablico-DSC05539-90x90.jpg\" alt=\"Consultoria empresarial Apoio em eventos Minist\u00e9rio P\u00fablico DSC05539\" width=\"90\" height=\"90\" \/><span class=\"su-custom-gallery-title\">Consultoria empresarial Apoio em eventos Minist\u00e9rio P\u00fablico DSC05539<\/span><\/a><\/div><div class=\"su-custom-gallery-slide\" style=\"width:90px;height:90px\"><a href=\"https:\/\/www.vaniaconsultoria.com.br\/site\/wp-content\/uploads\/2017\/02\/Consultoria-Empresarial-Apoio-em-eventos-Min.-Publico-DSC05557.jpg\" title=\"Consultoria Empresarial Apoio em eventos Min. Publico DSC05557\"><img loading=\"lazy\" decoding=\"async\" src=\"https:\/\/www.vaniaconsultoria.com.br\/site\/wp-content\/uploads\/2017\/02\/Consultoria-Empresarial-Apoio-em-eventos-Min.-Publico-DSC05557-90x90.jpg\" alt=\"Consultoria Empresarial Apoio em eventos Min. Publico DSC05557\" width=\"90\" height=\"90\" \/><span class=\"su-custom-gallery-title\">Consultoria Empresarial Apoio em eventos Min. Publico DSC05557<\/span><\/a><\/div><div class=\"su-custom-gallery-slide\" style=\"width:90px;height:90px\"><a href=\"https:\/\/www.vaniaconsultoria.com.br\/site\/wp-content\/uploads\/2017\/02\/Capacita\u00e7\u00e3o-para-professores-em-AEE-1.jpg\" title=\"Capacita\u00e7\u00e3o para professores em AEE\"><img loading=\"lazy\" decoding=\"async\" src=\"https:\/\/www.vaniaconsultoria.com.br\/site\/wp-content\/uploads\/2017\/02\/Capacita\u00e7\u00e3o-para-professores-em-AEE-1-90x90.jpg\" alt=\"Capacita\u00e7\u00e3o para professores em AEE\" width=\"90\" height=\"90\" \/><span class=\"su-custom-gallery-title\">Capacita\u00e7\u00e3o para professores em AEE<\/span><\/a><\/div><div class=\"su-custom-gallery-slide\" style=\"width:90px;height:90px\"><a href=\"https:\/\/www.vaniaconsultoria.com.br\/site\/wp-content\/uploads\/2017\/02\/Capacita\u00e7\u00e3o-in-company-Sogil-Gravata\u00ed-1.jpg\" title=\"Capacita\u00e7\u00e3o in company Sogil-Gravata\u00ed\"><img loading=\"lazy\" decoding=\"async\" src=\"https:\/\/www.vaniaconsultoria.com.br\/site\/wp-content\/uploads\/2017\/02\/Capacita\u00e7\u00e3o-in-company-Sogil-Gravata\u00ed-1-90x90.jpg\" alt=\"Capacita\u00e7\u00e3o in company Sogil-Gravata\u00ed\" width=\"90\" height=\"90\" \/><span class=\"su-custom-gallery-title\">Capacita\u00e7\u00e3o in company Sogil-Gravata\u00ed<\/span><\/a><\/div><div class=\"su-custom-gallery-slide\" style=\"width:90px;height:90px\"><a href=\"https:\/\/www.vaniaconsultoria.com.br\/site\/wp-content\/uploads\/2017\/02\/Capacita\u00e7\u00e3o-Estadual-em-Surdocegueira-1.jpg\" title=\"Capacita\u00e7\u00e3o Estadual em Surdocegueira\"><img loading=\"lazy\" decoding=\"async\" src=\"https:\/\/www.vaniaconsultoria.com.br\/site\/wp-content\/uploads\/2017\/02\/Capacita\u00e7\u00e3o-Estadual-em-Surdocegueira-1-90x90.jpg\" alt=\"Capacita\u00e7\u00e3o Estadual em Surdocegueira\" width=\"90\" height=\"90\" \/><span class=\"su-custom-gallery-title\">Capacita\u00e7\u00e3o Estadual em Surdocegueira<\/span><\/a><\/div><div class=\"su-custom-gallery-slide\" style=\"width:90px;height:90px\"><a href=\"https:\/\/www.vaniaconsultoria.com.br\/site\/wp-content\/uploads\/2017\/02\/Capacita\u00e7\u00e3o-de-Professores-em-Educa\u00e7\u00e3o-Inclusica-S\u00e3o-Jos\u00e9-dos-Ausentes-1.jpg\" title=\"Capacita\u00e7\u00e3o de Professores em Educa\u00e7\u00e3o Inclusica S\u00e3o Jos\u00e9 dos Ausentes\"><img loading=\"lazy\" decoding=\"async\" src=\"https:\/\/www.vaniaconsultoria.com.br\/site\/wp-content\/uploads\/2017\/02\/Capacita\u00e7\u00e3o-de-Professores-em-Educa\u00e7\u00e3o-Inclusica-S\u00e3o-Jos\u00e9-dos-Ausentes-1-90x90.jpg\" alt=\"Capacita\u00e7\u00e3o de Professores em Educa\u00e7\u00e3o Inclusica S\u00e3o Jos\u00e9 dos Ausentes\" width=\"90\" height=\"90\" \/><span class=\"su-custom-gallery-title\">Capacita\u00e7\u00e3o de Professores em Educa\u00e7\u00e3o Inclusica S\u00e3o Jos\u00e9 dos Ausentes<\/span><\/a><\/div><div class=\"su-custom-gallery-slide\" style=\"width:90px;height:90px\"><a href=\"https:\/\/www.vaniaconsultoria.com.br\/site\/wp-content\/uploads\/2017\/02\/Capacita\u00e7\u00e3o-de-Professores-em-Educa\u00e7\u00e3o-Especial-Cesuca-1.jpg\" title=\"Capacita\u00e7\u00e3o de Professores em Educa\u00e7\u00e3o Especial Cesuca\"><img loading=\"lazy\" decoding=\"async\" src=\"https:\/\/www.vaniaconsultoria.com.br\/site\/wp-content\/uploads\/2017\/02\/Capacita\u00e7\u00e3o-de-Professores-em-Educa\u00e7\u00e3o-Especial-Cesuca-1-90x90.jpg\" alt=\"Capacita\u00e7\u00e3o de Professores em Educa\u00e7\u00e3o Especial Cesuca\" width=\"90\" height=\"90\" \/><span class=\"su-custom-gallery-title\">Capacita\u00e7\u00e3o de Professores em Educa\u00e7\u00e3o Especial Cesuca<\/span><\/a><\/div><div class=\"su-custom-gallery-slide\" style=\"width:90px;height:90px\"><a href=\"https:\/\/www.vaniaconsultoria.com.br\/site\/wp-content\/uploads\/2017\/02\/Capacita\u00e7\u00e3o-de-Agentes-da-Sa\u00fade-em-Acessibilidade-Cachoeirinha-1.jpg\" title=\"Capacita\u00e7\u00e3o de Agentes da Sa\u00fade em Acessibilidade Cachoeirinha\"><img loading=\"lazy\" decoding=\"async\" src=\"https:\/\/www.vaniaconsultoria.com.br\/site\/wp-content\/uploads\/2017\/02\/Capacita\u00e7\u00e3o-de-Agentes-da-Sa\u00fade-em-Acessibilidade-Cachoeirinha-1-90x90.jpg\" alt=\"Capacita\u00e7\u00e3o de Agentes da Sa\u00fade em Acessibilidade Cachoeirinha\" width=\"90\" height=\"90\" \/><span class=\"su-custom-gallery-title\">Capacita\u00e7\u00e3o de Agentes da Sa\u00fade em Acessibilidade Cachoeirinha<\/span><\/a><\/div><div class=\"su-custom-gallery-slide\" style=\"width:90px;height:90px\"><a href=\"https:\/\/www.vaniaconsultoria.com.br\/site\/wp-content\/uploads\/2017\/02\/Capacita\u00e7\u00e3o-Conselheiros-para-Pessoa-com-Defici\u00eancias-Min-Publico-2012082-1.jpg\" title=\"Capacita\u00e7\u00e3o Conselheiros para Pessoa com Defici\u00eancias Min Publico 2012082\"><img loading=\"lazy\" decoding=\"async\" src=\"https:\/\/www.vaniaconsultoria.com.br\/site\/wp-content\/uploads\/2017\/02\/Capacita\u00e7\u00e3o-Conselheiros-para-Pessoa-com-Defici\u00eancias-Min-Publico-2012082-1-90x90.jpg\" alt=\"Capacita\u00e7\u00e3o Conselheiros para Pessoa com Defici\u00eancias Min Publico 2012082\" width=\"90\" height=\"90\" \/><span class=\"su-custom-gallery-title\">Capacita\u00e7\u00e3o Conselheiros para Pessoa com Defici\u00eancias Min Publico 2012082<\/span><\/a><\/div><div class=\"su-custom-gallery-slide\" style=\"width:90px;height:90px\"><a href=\"https:\/\/www.vaniaconsultoria.com.br\/site\/wp-content\/uploads\/2017\/02\/Audio-Descri\u00e7\u00e3o-PUC-1.jpg\" title=\"Audio Descri\u00e7\u00e3o PUC\"><img loading=\"lazy\" decoding=\"async\" src=\"https:\/\/www.vaniaconsultoria.com.br\/site\/wp-content\/uploads\/2017\/02\/Audio-Descri\u00e7\u00e3o-PUC-1-90x90.jpg\" alt=\"Audio Descri\u00e7\u00e3o PUC\" width=\"90\" height=\"90\" \/><span class=\"su-custom-gallery-title\">Audio Descri\u00e7\u00e3o PUC<\/span><\/a><\/div><div class=\"su-custom-gallery-slide\" style=\"width:90px;height:90px\"><a href=\"https:\/\/www.vaniaconsultoria.com.br\/site\/wp-content\/uploads\/2017\/02\/1\u00ba-Encontro-de-pessoas-com-Defici\u00eancias-e-Fam\u00edlia-de-Cachoeirinha-Organiza\u00e7\u00e3o-1.jpg\" title=\"1\u00ba Encontro de pessoas com Defici\u00eancias e Fam\u00edlia de Cachoeirinha -Organiza\u00e7\u00e3o\"><img loading=\"lazy\" decoding=\"async\" src=\"https:\/\/www.vaniaconsultoria.com.br\/site\/wp-content\/uploads\/2017\/02\/1\u00ba-Encontro-de-pessoas-com-Defici\u00eancias-e-Fam\u00edlia-de-Cachoeirinha-Organiza\u00e7\u00e3o-1-90x90.jpg\" alt=\"1\u00ba Encontro de pessoas com Defici\u00eancias e Fam\u00edlia de Cachoeirinha -Organiza\u00e7\u00e3o\" width=\"90\" height=\"90\" \/><span class=\"su-custom-gallery-title\">1\u00ba Encontro de pessoas com Defici\u00eancias e Fam\u00edlia de Cachoeirinha -Organiza\u00e7\u00e3o<\/span><\/a><\/div><div class=\"su-custom-gallery-slide\" style=\"width:90px;height:90px\"><a href=\"https:\/\/www.vaniaconsultoria.com.br\/site\/wp-content\/uploads\/2017\/02\/Capacita\u00e7\u00e3o-para-professores-em-AEE.jpg\" title=\"Capacita\u00e7\u00e3o para professores em AEE\"><img loading=\"lazy\" decoding=\"async\" src=\"https:\/\/www.vaniaconsultoria.com.br\/site\/wp-content\/uploads\/2017\/02\/Capacita\u00e7\u00e3o-para-professores-em-AEE-90x90.jpg\" alt=\"Capacita\u00e7\u00e3o para professores em AEE\" width=\"90\" height=\"90\" \/><span class=\"su-custom-gallery-title\">Capacita\u00e7\u00e3o para professores em AEE<\/span><\/a><\/div><div class=\"su-custom-gallery-slide\" style=\"width:90px;height:90px\"><a href=\"https:\/\/www.vaniaconsultoria.com.br\/site\/wp-content\/uploads\/2017\/02\/Capacita\u00e7\u00e3o-in-company-Sogil-Gravata\u00ed.jpg\" title=\"Capacita\u00e7\u00e3o in company Sogil-Gravata\u00ed\"><img loading=\"lazy\" decoding=\"async\" src=\"https:\/\/www.vaniaconsultoria.com.br\/site\/wp-content\/uploads\/2017\/02\/Capacita\u00e7\u00e3o-in-company-Sogil-Gravata\u00ed-90x90.jpg\" alt=\"Capacita\u00e7\u00e3o in company Sogil-Gravata\u00ed\" width=\"90\" height=\"90\" \/><span class=\"su-custom-gallery-title\">Capacita\u00e7\u00e3o in company Sogil-Gravata\u00ed<\/span><\/a><\/div><div class=\"su-custom-gallery-slide\" style=\"width:90px;height:90px\"><a href=\"https:\/\/www.vaniaconsultoria.com.br\/site\/wp-content\/uploads\/2017\/02\/Capacita\u00e7\u00e3o-Estadual-em-Surdocegueira.jpg\" title=\"Capacita\u00e7\u00e3o Estadual em Surdocegueira\"><img loading=\"lazy\" decoding=\"async\" src=\"https:\/\/www.vaniaconsultoria.com.br\/site\/wp-content\/uploads\/2017\/02\/Capacita\u00e7\u00e3o-Estadual-em-Surdocegueira-90x90.jpg\" alt=\"Capacita\u00e7\u00e3o Estadual em Surdocegueira\" width=\"90\" height=\"90\" \/><span class=\"su-custom-gallery-title\">Capacita\u00e7\u00e3o Estadual em Surdocegueira<\/span><\/a><\/div><div class=\"su-custom-gallery-slide\" style=\"width:90px;height:90px\"><a href=\"https:\/\/www.vaniaconsultoria.com.br\/site\/wp-content\/uploads\/2017\/02\/Capacita\u00e7\u00e3o-de-Professores-em-Educa\u00e7\u00e3o-Inclusica-S\u00e3o-Jos\u00e9-dos-Ausentes.jpg\" title=\"Capacita\u00e7\u00e3o de Professores em Educa\u00e7\u00e3o Inclusica S\u00e3o Jos\u00e9 dos Ausentes\"><img loading=\"lazy\" decoding=\"async\" src=\"https:\/\/www.vaniaconsultoria.com.br\/site\/wp-content\/uploads\/2017\/02\/Capacita\u00e7\u00e3o-de-Professores-em-Educa\u00e7\u00e3o-Inclusica-S\u00e3o-Jos\u00e9-dos-Ausentes-90x90.jpg\" alt=\"Capacita\u00e7\u00e3o de Professores em Educa\u00e7\u00e3o Inclusica S\u00e3o Jos\u00e9 dos Ausentes\" width=\"90\" height=\"90\" \/><span class=\"su-custom-gallery-title\">Capacita\u00e7\u00e3o de Professores em Educa\u00e7\u00e3o Inclusica S\u00e3o Jos\u00e9 dos Ausentes<\/span><\/a><\/div><div class=\"su-custom-gallery-slide\" style=\"width:90px;height:90px\"><a href=\"https:\/\/www.vaniaconsultoria.com.br\/site\/wp-content\/uploads\/2017\/02\/Capacita\u00e7\u00e3o-de-Professores-em-Educa\u00e7\u00e3o-Especial-Cesuca.jpg\" title=\"Capacita\u00e7\u00e3o de Professores em Educa\u00e7\u00e3o Especial Cesuca\"><img loading=\"lazy\" decoding=\"async\" src=\"https:\/\/www.vaniaconsultoria.com.br\/site\/wp-content\/uploads\/2017\/02\/Capacita\u00e7\u00e3o-de-Professores-em-Educa\u00e7\u00e3o-Especial-Cesuca-90x90.jpg\" alt=\"Capacita\u00e7\u00e3o de Professores em Educa\u00e7\u00e3o Especial Cesuca\" width=\"90\" height=\"90\" \/><span class=\"su-custom-gallery-title\">Capacita\u00e7\u00e3o de Professores em Educa\u00e7\u00e3o Especial Cesuca<\/span><\/a><\/div><div class=\"su-custom-gallery-slide\" style=\"width:90px;height:90px\"><a href=\"https:\/\/www.vaniaconsultoria.com.br\/site\/wp-content\/uploads\/2017\/02\/Capacita\u00e7\u00e3o-de-Agentes-da-Sa\u00fade-em-Acessibilidade-Cachoeirinha.jpg\" title=\"Capacita\u00e7\u00e3o de Agentes da Sa\u00fade em Acessibilidade Cachoeirinha\"><img loading=\"lazy\" decoding=\"async\" src=\"https:\/\/www.vaniaconsultoria.com.br\/site\/wp-content\/uploads\/2017\/02\/Capacita\u00e7\u00e3o-de-Agentes-da-Sa\u00fade-em-Acessibilidade-Cachoeirinha-90x90.jpg\" alt=\"Capacita\u00e7\u00e3o de Agentes da Sa\u00fade em Acessibilidade Cachoeirinha\" width=\"90\" height=\"90\" \/><span class=\"su-custom-gallery-title\">Capacita\u00e7\u00e3o de Agentes da Sa\u00fade em Acessibilidade Cachoeirinha<\/span><\/a><\/div><div class=\"su-custom-gallery-slide\" style=\"width:90px;height:90px\"><a href=\"https:\/\/www.vaniaconsultoria.com.br\/site\/wp-content\/uploads\/2017\/02\/Capacita\u00e7\u00e3o-Conselheiros-para-Pessoa-com-Defici\u00eancias-Min-Publico-2012082.jpg\" title=\"Capacita\u00e7\u00e3o Conselheiros para Pessoa com Defici\u00eancias Min Publico 2012082\"><img loading=\"lazy\" decoding=\"async\" src=\"https:\/\/www.vaniaconsultoria.com.br\/site\/wp-content\/uploads\/2017\/02\/Capacita\u00e7\u00e3o-Conselheiros-para-Pessoa-com-Defici\u00eancias-Min-Publico-2012082-90x90.jpg\" alt=\"Capacita\u00e7\u00e3o Conselheiros para Pessoa com Defici\u00eancias Min Publico 2012082\" width=\"90\" height=\"90\" \/><span class=\"su-custom-gallery-title\">Capacita\u00e7\u00e3o Conselheiros para Pessoa com Defici\u00eancias Min Publico 2012082<\/span><\/a><\/div><div class=\"su-custom-gallery-slide\" style=\"width:90px;height:90px\"><a href=\"https:\/\/www.vaniaconsultoria.com.br\/site\/wp-content\/uploads\/2017\/02\/Audio-Descri\u00e7\u00e3o-PUC.jpg\" title=\"Audio Descri\u00e7\u00e3o PUC\"><img loading=\"lazy\" decoding=\"async\" src=\"https:\/\/www.vaniaconsultoria.com.br\/site\/wp-content\/uploads\/2017\/02\/Audio-Descri\u00e7\u00e3o-PUC-90x90.jpg\" alt=\"Audio Descri\u00e7\u00e3o PUC\" width=\"90\" height=\"90\" \/><span class=\"su-custom-gallery-title\">Audio Descri\u00e7\u00e3o PUC<\/span><\/a><\/div><div class=\"su-custom-gallery-slide\" style=\"width:90px;height:90px\"><a href=\"https:\/\/www.vaniaconsultoria.com.br\/site\/wp-content\/uploads\/2017\/02\/1\u00ba-Encontro-de-pessoas-com-Defici\u00eancias-e-Fam\u00edlia-de-Cachoeirinha-Organiza\u00e7\u00e3o.jpg\" title=\"1\u00ba Encontro de pessoas com Defici\u00eancias e Fam\u00edlia de Cachoeirinha -Organiza\u00e7\u00e3o\"><img loading=\"lazy\" decoding=\"async\" src=\"https:\/\/www.vaniaconsultoria.com.br\/site\/wp-content\/uploads\/2017\/02\/1\u00ba-Encontro-de-pessoas-com-Defici\u00eancias-e-Fam\u00edlia-de-Cachoeirinha-Organiza\u00e7\u00e3o-90x90.jpg\" alt=\"1\u00ba Encontro de pessoas com Defici\u00eancias e Fam\u00edlia de Cachoeirinha -Organiza\u00e7\u00e3o\" width=\"90\" height=\"90\" \/><span class=\"su-custom-gallery-title\">1\u00ba Encontro de pessoas com Defici\u00eancias e Fam\u00edlia de Cachoeirinha -Organiza\u00e7\u00e3o<\/span><\/a><\/div><div class=\"su-clear\"><\/div><\/div>\n","protected":false},"excerpt":{"rendered":"<p>Objetivo V\u00e2nia Rosa da Silva Cia Ltda. Servi\u00e7os de Tradu\u00e7\u00e3o, interpreta\u00e7\u00e3o e similares, tradu\u00e7\u00e3o de Portugu\u00eas-Espanhol-Portugu\u00eas, servi\u00e7os de guia-int\u00e9rpretes, oficinas em Braile, capacita\u00e7\u00e3o em Libras, capacita\u00e7\u00e3o em Atendimento Educacional Especializado, Capacita\u00e7\u00e3o em Educa\u00e7\u00e3o Inclusiva, Capacita\u00e7\u00e3o em Educa\u00e7\u00e3o Especial, Organiza\u00e7\u00e3o e produ\u00e7\u00e3o de eventos culturais, teatrais e esportivos, recrutamento e sele\u00e7\u00e3o [&hellip;]<\/p>\n","protected":false},"author":1,"featured_media":0,"parent":0,"menu_order":0,"comment_status":"closed","ping_status":"closed","template":"","meta":{"footnotes":""},"class_list":["post-21","page","type-page","status-publish","hentry"],"_links":{"self":[{"href":"https:\/\/www.vaniaconsultoria.com.br\/site\/wp-json\/wp\/v2\/pages\/21","targetHints":{"allow":["GET"]}}],"collection":[{"href":"https:\/\/www.vaniaconsultoria.com.br\/site\/wp-json\/wp\/v2\/pages"}],"about":[{"href":"https:\/\/www.vaniaconsultoria.com.br\/site\/wp-json\/wp\/v2\/types\/page"}],"author":[{"embeddable":true,"href":"https:\/\/www.vaniaconsultoria.com.br\/site\/wp-json\/wp\/v2\/users\/1"}],"replies":[{"embeddable":true,"href":"https:\/\/www.vaniaconsultoria.com.br\/site\/wp-json\/wp\/v2\/comments?post=21"}],"version-history":[{"count":4,"href":"https:\/\/www.vaniaconsultoria.com.br\/site\/wp-json\/wp\/v2\/pages\/21\/revisions"}],"predecessor-version":[{"id":393,"href":"https:\/\/www.vaniaconsultoria.com.br\/site\/wp-json\/wp\/v2\/pages\/21\/revisions\/393"}],"wp:attachment":[{"href":"https:\/\/www.vaniaconsultoria.com.br\/site\/wp-json\/wp\/v2\/media?parent=21"}],"curies":[{"name":"wp","href":"https:\/\/api.w.org\/{rel}","templated":true}]}}